{"id":230,"date":"2023-04-19T11:38:07","date_gmt":"2023-04-19T11:38:07","guid":{"rendered":"https:\/\/www.projetowebsite.com.br\/marketing-de-conteudo\/?page_id=230"},"modified":"2024-03-05T20:22:55","modified_gmt":"2024-03-05T20:22:55","slug":"marketing-de-conteudo","status":"publish","type":"page","link":"https:\/\/www.projetowebsite.com.br\/marketing-de-conteudo\/","title":{"rendered":"Marketing de conte\u00fado"},"content":{"rendered":"\t\t<div data-elementor-type=\"wp-page\" data-elementor-id=\"230\" class=\"elementor elementor-230\">\n\t\t\t\t\t\t\t<div class=\"elementor-element elementor-element-1e568d3 e-con-boxed e-con\" data-id=\"1e568d3\" data-element_type=\"container\" data-settings=\"{&quot;background_background&quot;:&quot;classic&quot;,&quot;content_width&quot;:&quot;boxed&quot;}\">\n\t\t\t\t\t<div class=\"e-con-inner\">\n\t\t<div class=\"elementor-element elementor-element-f77e479 e-con-full animated-slow e-con\" data-id=\"f77e479\" data-element_type=\"container\" data-settings=\"{&quot;content_width&quot;:&quot;full&quot;,&quot;background_background&quot;:&quot;classic&quot;,&quot;animation&quot;:&quot;none&quot;,&quot;animation_delay&quot;:200}\">\n\t\t<div class=\"elementor-element elementor-element-e32e9ba e-con-full e-con\" data-id=\"e32e9ba\" data-element_type=\"container\" data-settings=\"{&quot;content_width&quot;:&quot;full&quot;}\">\n\t\t\t\t<div class=\"elementor-element elementor-element-63bc352 premium-blog-align-left elementor-widget elementor-widget-premium-addon-blog\" data-id=\"63bc352\" data-element_type=\"widget\" data-settings=\"{&quot;premium_blog_columns_number&quot;:&quot;100%&quot;,&quot;premium_blog_carousel&quot;:&quot;yes&quot;,&quot;premium_blog_carousel_play&quot;:&quot;yes&quot;,&quot;premium_blog_carousel_autoplay_speed&quot;:3000,&quot;carousel_speed&quot;:900,&quot;premium_blog_grid&quot;:&quot;yes&quot;,&quot;premium_blog_layout&quot;:&quot;even&quot;,&quot;premium_blog_columns_number_tablet&quot;:&quot;50%&quot;,&quot;premium_blog_columns_number_mobile&quot;:&quot;100%&quot;,&quot;premium_blog_carousel_spacing&quot;:&quot;15&quot;,&quot;premium_blog_carousel_arrows&quot;:&quot;yes&quot;}\" data-widget_type=\"premium-addon-blog.default\">\n\t\t\t\t<div class=\"elementor-widget-container\">\n\t\t\t\r\n\t\t\t\t<div class=\"premium-blog-wrap  premium-blog-even premium-carousel-hidden\" data-page=\"230\">\r\n\t\t\t\t\t<div class=\"premium-blog-post-outer-container\" data-total=\"18\">\n\t\t\t<div class=\"premium-blog-post-container premium-blog-skin-modern\">\n\t\t\t\t\t\t\t\t\t<div class=\"premium-blog-thumb-effect-wrapper\">\n\t\t\t\t\t\t<div class=\"premium-blog-thumbnail-container premium-blog-none-effect\">\n\t\t\t\t\t\t\t\t\t\t<a href=\"https:\/\/www.projetowebsite.com.br\/marketing-de-conteudo\/as-melhores-ideias-para-festas-e-eventos\/\" target=\"_blank\">\n\t\t\t<img decoding=\"async\" width=\"667\" height=\"1000\" src=\"https:\/\/www.projetowebsite.com.br\/marketing-de-conteudo\/wp-content\/uploads\/2025\/03\/as-melhores-ideias-para-festas-e-eventos.jpg\" class=\"attachment-full size-full wp-image-1072\" alt=\"\" srcset=\"https:\/\/www.projetowebsite.com.br\/marketing-de-conteudo\/wp-content\/uploads\/2025\/03\/as-melhores-ideias-para-festas-e-eventos.jpg 667w, https:\/\/www.projetowebsite.com.br\/marketing-de-conteudo\/wp-content\/uploads\/2025\/03\/as-melhores-ideias-para-festas-e-eventos-200x300.jpg 200w\" sizes=\"(max-width: 667px) 100vw, 667px\" \/>\t\t\t<\/a>\n\t\t\t\t\t\t\t\t\t<\/div>\n\t\t\t\t\t\t\t\t\t\t\t\t\t<div class=\"premium-blog-effect-container premium-blog-none-effect\">\n\t\t\t\t\t\t\t\t<a class=\"premium-blog-post-link\" href=\"https:\/\/www.projetowebsite.com.br\/marketing-de-conteudo\/as-melhores-ideias-para-festas-e-eventos\/\" target=\"_blank\"><span>Bal\u00f5es Personalizados: As Melhores Ideias para Festas e Eventos<\/span><\/a>\n\t\t\t\t\t\t\t\t\t\t\t\t\t\t\t<\/div>\n\t\t\t\t\t\t\t\t\t\t\t<\/div>\n\t\t\t\t\t\t\t\t\t\t\t\t<div class=\"premium-blog-content-wrapper \">\n\n\t\t\t\t\t<div class=\"premium-blog-inner-container\">\n\n\t\t\t\t\t\t\t\t\t\t\t\t\t\t<h2 class=\"premium-blog-entry-title\">\n\t\t\t<a href=\"https:\/\/www.projetowebsite.com.br\/marketing-de-conteudo\/as-melhores-ideias-para-festas-e-eventos\/\" target=\"_blank\">\n\t\t\t\tBal\u00f5es Personalizados: As Melhores Ideias para Festas e Eventos\t\t\t<\/a>\n\t\t<\/h2>\n\t\t\t\t<div class=\"premium-blog-entry-meta\">\n\t\t\t\n\t\t\t\n\t\t\t\n\t\t\t\t\t<\/div>\n\t\t\n\t\t\t\t\t<\/div>\n\n\t\t\t\t\t<p class=\"premium-blog-post-content\">Os bal\u00f5es personalizados s\u00e3o uma tend\u00eancia crescente na decora\u00e7\u00e3o de festas e eventos. Al\u00e9m de agregar um toque \u00fanico e criativo, eles \u2026<\/p>\t\t\t\t\t\n\t\t\t\t<\/div>\n\t\t\t<\/div>\n\t\t<\/div>\n\n\t\t\t\t<div class=\"premium-blog-post-outer-container\" data-total=\"18\">\n\t\t\t<div class=\"premium-blog-post-container premium-blog-skin-modern\">\n\t\t\t\t\t\t\t\t\t<div class=\"premium-blog-thumb-effect-wrapper\">\n\t\t\t\t\t\t<div class=\"premium-blog-thumbnail-container premium-blog-none-effect\">\n\t\t\t\t\t\t\t\t\t\t<a href=\"https:\/\/www.projetowebsite.com.br\/marketing-de-conteudo\/feiras-e-eventos-como-os-baloes-personalizados-podem-destacar-sua-empresa\/\" target=\"_blank\">\n\t\t\t<img decoding=\"async\" width=\"667\" height=\"1000\" src=\"https:\/\/www.projetowebsite.com.br\/marketing-de-conteudo\/wp-content\/uploads\/2025\/03\/feiras-e-eventos-como-os-baloes-personalizados-podem-destacar-sua-empresa.jpg\" class=\"attachment-full size-full wp-image-1065\" alt=\"\" srcset=\"https:\/\/www.projetowebsite.com.br\/marketing-de-conteudo\/wp-content\/uploads\/2025\/03\/feiras-e-eventos-como-os-baloes-personalizados-podem-destacar-sua-empresa.jpg 667w, https:\/\/www.projetowebsite.com.br\/marketing-de-conteudo\/wp-content\/uploads\/2025\/03\/feiras-e-eventos-como-os-baloes-personalizados-podem-destacar-sua-empresa-200x300.jpg 200w\" sizes=\"(max-width: 667px) 100vw, 667px\" \/>\t\t\t<\/a>\n\t\t\t\t\t\t\t\t\t<\/div>\n\t\t\t\t\t\t\t\t\t\t\t\t\t<div class=\"premium-blog-effect-container premium-blog-none-effect\">\n\t\t\t\t\t\t\t\t<a class=\"premium-blog-post-link\" href=\"https:\/\/www.projetowebsite.com.br\/marketing-de-conteudo\/feiras-e-eventos-como-os-baloes-personalizados-podem-destacar-sua-empresa\/\" target=\"_blank\"><span>Feiras e Eventos: Como os Bal\u00f5es Personalizados Podem Destacar Sua Empresa<\/span><\/a>\n\t\t\t\t\t\t\t\t\t\t\t\t\t\t\t<\/div>\n\t\t\t\t\t\t\t\t\t\t\t<\/div>\n\t\t\t\t\t\t\t\t\t\t\t\t<div class=\"premium-blog-content-wrapper \">\n\n\t\t\t\t\t<div class=\"premium-blog-inner-container\">\n\n\t\t\t\t\t\t\t\t\t\t\t\t\t\t<h2 class=\"premium-blog-entry-title\">\n\t\t\t<a href=\"https:\/\/www.projetowebsite.com.br\/marketing-de-conteudo\/feiras-e-eventos-como-os-baloes-personalizados-podem-destacar-sua-empresa\/\" target=\"_blank\">\n\t\t\t\tFeiras e Eventos: Como os Bal\u00f5es Personalizados Podem Destacar Sua Empresa\t\t\t<\/a>\n\t\t<\/h2>\n\t\t\t\t<div class=\"premium-blog-entry-meta\">\n\t\t\t\n\t\t\t\n\t\t\t\n\t\t\t\t\t<\/div>\n\t\t\n\t\t\t\t\t<\/div>\n\n\t\t\t\t\t<p class=\"premium-blog-post-content\">Participar de feiras e eventos \u00e9 uma excelente estrat\u00e9gia para aumentar a visibilidade da sua empresa e atrair novos clientes. Em meio \u2026<\/p>\t\t\t\t\t\n\t\t\t\t<\/div>\n\t\t\t<\/div>\n\t\t<\/div>\n\n\t\t\t\t<div class=\"premium-blog-post-outer-container\" data-total=\"18\">\n\t\t\t<div class=\"premium-blog-post-container premium-blog-skin-modern\">\n\t\t\t\t\t\t\t\t\t<div class=\"premium-blog-thumb-effect-wrapper\">\n\t\t\t\t\t\t<div class=\"premium-blog-thumbnail-container premium-blog-none-effect\">\n\t\t\t\t\t\t\t\t\t\t<a href=\"https:\/\/www.projetowebsite.com.br\/marketing-de-conteudo\/baloes-personalizados-as-melhores-ideias-para-festas-e-eventos\/\" target=\"_blank\">\n\t\t\t<img decoding=\"async\" width=\"1000\" height=\"667\" src=\"https:\/\/www.projetowebsite.com.br\/marketing-de-conteudo\/wp-content\/uploads\/2025\/03\/Baloes-Personalizados-As-Melhores-Ideias-para-Festas-e-Eventos.jpg\" class=\"attachment-full size-full wp-image-1061\" alt=\"Bal\u00f5es Personalizados As Melhores Ideias para Festas e Eventos\" srcset=\"https:\/\/www.projetowebsite.com.br\/marketing-de-conteudo\/wp-content\/uploads\/2025\/03\/Baloes-Personalizados-As-Melhores-Ideias-para-Festas-e-Eventos.jpg 1000w, https:\/\/www.projetowebsite.com.br\/marketing-de-conteudo\/wp-content\/uploads\/2025\/03\/Baloes-Personalizados-As-Melhores-Ideias-para-Festas-e-Eventos-300x200.jpg 300w, https:\/\/www.projetowebsite.com.br\/marketing-de-conteudo\/wp-content\/uploads\/2025\/03\/Baloes-Personalizados-As-Melhores-Ideias-para-Festas-e-Eventos-768x512.jpg 768w\" sizes=\"(max-width: 1000px) 100vw, 1000px\" \/>\t\t\t<\/a>\n\t\t\t\t\t\t\t\t\t<\/div>\n\t\t\t\t\t\t\t\t\t\t\t\t\t<div class=\"premium-blog-effect-container premium-blog-none-effect\">\n\t\t\t\t\t\t\t\t<a class=\"premium-blog-post-link\" href=\"https:\/\/www.projetowebsite.com.br\/marketing-de-conteudo\/baloes-personalizados-as-melhores-ideias-para-festas-e-eventos\/\" target=\"_blank\"><span>Bal\u00f5es Personalizados: As Melhores Ideias para Festas e Eventos<\/span><\/a>\n\t\t\t\t\t\t\t\t\t\t\t\t\t\t\t<\/div>\n\t\t\t\t\t\t\t\t\t\t\t<\/div>\n\t\t\t\t\t\t\t\t\t\t\t\t<div class=\"premium-blog-content-wrapper \">\n\n\t\t\t\t\t<div class=\"premium-blog-inner-container\">\n\n\t\t\t\t\t\t\t\t\t\t\t\t\t\t<h2 class=\"premium-blog-entry-title\">\n\t\t\t<a href=\"https:\/\/www.projetowebsite.com.br\/marketing-de-conteudo\/baloes-personalizados-as-melhores-ideias-para-festas-e-eventos\/\" target=\"_blank\">\n\t\t\t\tBal\u00f5es Personalizados: As Melhores Ideias para Festas e Eventos\t\t\t<\/a>\n\t\t<\/h2>\n\t\t\t\t<div class=\"premium-blog-entry-meta\">\n\t\t\t\n\t\t\t\n\t\t\t\n\t\t\t\t\t<\/div>\n\t\t\n\t\t\t\t\t<\/div>\n\n\t\t\t\t\t<p class=\"premium-blog-post-content\">Os bal\u00f5es personalizados s\u00e3o uma tend\u00eancia cada vez mais popular para transformar festas e eventos em momentos inesquec\u00edveis. Seja para anivers\u00e1rios, casamentos, \u2026<\/p>\t\t\t\t\t\n\t\t\t\t<\/div>\n\t\t\t<\/div>\n\t\t<\/div>\n\n\t\t\t\t<div class=\"premium-blog-post-outer-container\" data-total=\"18\">\n\t\t\t<div class=\"premium-blog-post-container premium-blog-skin-modern\">\n\t\t\t\t\t\t\t\t\t<div class=\"premium-blog-thumb-effect-wrapper\">\n\t\t\t\t\t\t<div class=\"premium-blog-thumbnail-container premium-blog-none-effect\">\n\t\t\t\t\t\t\t\t\t\t<a href=\"https:\/\/www.projetowebsite.com.br\/marketing-de-conteudo\/como-baloes-personalizados-podem-ajudar-a-destacar-sua-loja-ou-evento\/\" target=\"_blank\">\n\t\t\t<img decoding=\"async\" width=\"1200\" height=\"800\" src=\"https:\/\/www.projetowebsite.com.br\/marketing-de-conteudo\/wp-content\/uploads\/2025\/01\/como-baloes-personalizados-podem-ajudar-a-destacar-sua-loja-ou-evento.jpg\" class=\"attachment-full size-full wp-image-1056\" alt=\"\" srcset=\"https:\/\/www.projetowebsite.com.br\/marketing-de-conteudo\/wp-content\/uploads\/2025\/01\/como-baloes-personalizados-podem-ajudar-a-destacar-sua-loja-ou-evento.jpg 1200w, https:\/\/www.projetowebsite.com.br\/marketing-de-conteudo\/wp-content\/uploads\/2025\/01\/como-baloes-personalizados-podem-ajudar-a-destacar-sua-loja-ou-evento-300x200.jpg 300w, https:\/\/www.projetowebsite.com.br\/marketing-de-conteudo\/wp-content\/uploads\/2025\/01\/como-baloes-personalizados-podem-ajudar-a-destacar-sua-loja-ou-evento-1024x683.jpg 1024w, https:\/\/www.projetowebsite.com.br\/marketing-de-conteudo\/wp-content\/uploads\/2025\/01\/como-baloes-personalizados-podem-ajudar-a-destacar-sua-loja-ou-evento-768x512.jpg 768w\" sizes=\"(max-width: 1200px) 100vw, 1200px\" \/>\t\t\t<\/a>\n\t\t\t\t\t\t\t\t\t<\/div>\n\t\t\t\t\t\t\t\t\t\t\t\t\t<div class=\"premium-blog-effect-container premium-blog-none-effect\">\n\t\t\t\t\t\t\t\t<a class=\"premium-blog-post-link\" href=\"https:\/\/www.projetowebsite.com.br\/marketing-de-conteudo\/como-baloes-personalizados-podem-ajudar-a-destacar-sua-loja-ou-evento\/\" target=\"_blank\"><span>Como Bal\u00f5es Personalizados Podem Ajudar a Destacar Sua Loja ou Evento<\/span><\/a>\n\t\t\t\t\t\t\t\t\t\t\t\t\t\t\t<\/div>\n\t\t\t\t\t\t\t\t\t\t\t<\/div>\n\t\t\t\t\t\t\t\t\t\t\t\t<div class=\"premium-blog-content-wrapper \">\n\n\t\t\t\t\t<div class=\"premium-blog-inner-container\">\n\n\t\t\t\t\t\t\t\t\t\t\t\t\t\t<h2 class=\"premium-blog-entry-title\">\n\t\t\t<a href=\"https:\/\/www.projetowebsite.com.br\/marketing-de-conteudo\/como-baloes-personalizados-podem-ajudar-a-destacar-sua-loja-ou-evento\/\" target=\"_blank\">\n\t\t\t\tComo Bal\u00f5es Personalizados Podem Ajudar a Destacar Sua Loja ou Evento\t\t\t<\/a>\n\t\t<\/h2>\n\t\t\t\t<div class=\"premium-blog-entry-meta\">\n\t\t\t\n\t\t\t\n\t\t\t\n\t\t\t\t\t<\/div>\n\t\t\n\t\t\t\t\t<\/div>\n\n\t\t\t\t\t<p class=\"premium-blog-post-content\">Se voc\u00ea quer atrair a aten\u00e7\u00e3o do p\u00fablico e criar uma experi\u00eancia memor\u00e1vel, os bal\u00f5es personalizados s\u00e3o uma das estrat\u00e9gias mais eficazes \u2026<\/p>\t\t\t\t\t\n\t\t\t\t<\/div>\n\t\t\t<\/div>\n\t\t<\/div>\n\n\t\t\t\t<div class=\"premium-blog-post-outer-container\" data-total=\"18\">\n\t\t\t<div class=\"premium-blog-post-container premium-blog-skin-modern\">\n\t\t\t\t\t\t\t\t\t<div class=\"premium-blog-thumb-effect-wrapper\">\n\t\t\t\t\t\t<div class=\"premium-blog-thumbnail-container premium-blog-none-effect\">\n\t\t\t\t\t\t\t\t\t\t<a href=\"https:\/\/www.projetowebsite.com.br\/marketing-de-conteudo\/a-importancia-do-seo-para-vender-baloes-personalizados-online\/\" target=\"_blank\">\n\t\t\t<img decoding=\"async\" width=\"1200\" height=\"800\" src=\"https:\/\/www.projetowebsite.com.br\/marketing-de-conteudo\/wp-content\/uploads\/2025\/01\/Baloes-Personalizados-Online.jpg\" class=\"attachment-full size-full wp-image-1052\" alt=\"\" srcset=\"https:\/\/www.projetowebsite.com.br\/marketing-de-conteudo\/wp-content\/uploads\/2025\/01\/Baloes-Personalizados-Online.jpg 1200w, https:\/\/www.projetowebsite.com.br\/marketing-de-conteudo\/wp-content\/uploads\/2025\/01\/Baloes-Personalizados-Online-300x200.jpg 300w, https:\/\/www.projetowebsite.com.br\/marketing-de-conteudo\/wp-content\/uploads\/2025\/01\/Baloes-Personalizados-Online-1024x683.jpg 1024w, https:\/\/www.projetowebsite.com.br\/marketing-de-conteudo\/wp-content\/uploads\/2025\/01\/Baloes-Personalizados-Online-768x512.jpg 768w\" sizes=\"(max-width: 1200px) 100vw, 1200px\" \/>\t\t\t<\/a>\n\t\t\t\t\t\t\t\t\t<\/div>\n\t\t\t\t\t\t\t\t\t\t\t\t\t<div class=\"premium-blog-effect-container premium-blog-none-effect\">\n\t\t\t\t\t\t\t\t<a class=\"premium-blog-post-link\" href=\"https:\/\/www.projetowebsite.com.br\/marketing-de-conteudo\/a-importancia-do-seo-para-vender-baloes-personalizados-online\/\" target=\"_blank\"><span>A Import\u00e2ncia do SEO para Vender Bal\u00f5es Personalizados Online<\/span><\/a>\n\t\t\t\t\t\t\t\t\t\t\t\t\t\t\t<\/div>\n\t\t\t\t\t\t\t\t\t\t\t<\/div>\n\t\t\t\t\t\t\t\t\t\t\t\t<div class=\"premium-blog-content-wrapper \">\n\n\t\t\t\t\t<div class=\"premium-blog-inner-container\">\n\n\t\t\t\t\t\t\t\t\t\t\t\t\t\t<h2 class=\"premium-blog-entry-title\">\n\t\t\t<a href=\"https:\/\/www.projetowebsite.com.br\/marketing-de-conteudo\/a-importancia-do-seo-para-vender-baloes-personalizados-online\/\" target=\"_blank\">\n\t\t\t\tA Import\u00e2ncia do SEO para Vender Bal\u00f5es Personalizados Online\t\t\t<\/a>\n\t\t<\/h2>\n\t\t\t\t<div class=\"premium-blog-entry-meta\">\n\t\t\t\n\t\t\t\n\t\t\t\n\t\t\t\t\t<\/div>\n\t\t\n\t\t\t\t\t<\/div>\n\n\t\t\t\t\t<p class=\"premium-blog-post-content\">Se voc\u00ea trabalha com a venda de bal\u00f5es personalizados online, provavelmente j\u00e1 percebeu que atrair clientes em um mercado t\u00e3o competitivo pode \u2026<\/p>\t\t\t\t\t\n\t\t\t\t<\/div>\n\t\t\t<\/div>\n\t\t<\/div>\n\n\t\t\t\t<div class=\"premium-blog-post-outer-container\" data-total=\"18\">\n\t\t\t<div class=\"premium-blog-post-container premium-blog-skin-modern\">\n\t\t\t\t\t\t\t\t\t<div class=\"premium-blog-thumb-effect-wrapper\">\n\t\t\t\t\t\t<div class=\"premium-blog-thumbnail-container premium-blog-none-effect\">\n\t\t\t\t\t\t\t\t\t\t<a href=\"https:\/\/www.projetowebsite.com.br\/marketing-de-conteudo\/a-arte-dos-baloes-personalizados-e-o-poder-da-web-tendencias-e-inovacoes-no-design-personalizado\/\" target=\"_blank\">\n\t\t\t<img decoding=\"async\" width=\"1200\" height=\"900\" src=\"https:\/\/www.projetowebsite.com.br\/marketing-de-conteudo\/wp-content\/uploads\/2024\/11\/arte-baloes-personalizados-poder-da-web.webp\" class=\"attachment-full size-full wp-image-1047\" alt=\"A Arte dos Bal\u00f5es Personalizados e o Poder da Web\" srcset=\"https:\/\/www.projetowebsite.com.br\/marketing-de-conteudo\/wp-content\/uploads\/2024\/11\/arte-baloes-personalizados-poder-da-web.webp 1200w, https:\/\/www.projetowebsite.com.br\/marketing-de-conteudo\/wp-content\/uploads\/2024\/11\/arte-baloes-personalizados-poder-da-web-300x225.webp 300w, https:\/\/www.projetowebsite.com.br\/marketing-de-conteudo\/wp-content\/uploads\/2024\/11\/arte-baloes-personalizados-poder-da-web-1024x768.webp 1024w, https:\/\/www.projetowebsite.com.br\/marketing-de-conteudo\/wp-content\/uploads\/2024\/11\/arte-baloes-personalizados-poder-da-web-768x576.webp 768w\" sizes=\"(max-width: 1200px) 100vw, 1200px\" \/>\t\t\t<\/a>\n\t\t\t\t\t\t\t\t\t<\/div>\n\t\t\t\t\t\t\t\t\t\t\t\t\t<div class=\"premium-blog-effect-container premium-blog-none-effect\">\n\t\t\t\t\t\t\t\t<a class=\"premium-blog-post-link\" href=\"https:\/\/www.projetowebsite.com.br\/marketing-de-conteudo\/a-arte-dos-baloes-personalizados-e-o-poder-da-web-tendencias-e-inovacoes-no-design-personalizado\/\" target=\"_blank\"><span>A Arte dos Bal\u00f5es Personalizados e o Poder da Web: Tend\u00eancias e Inova\u00e7\u00f5es no Design Personalizado<\/span><\/a>\n\t\t\t\t\t\t\t\t\t\t\t\t\t\t\t<\/div>\n\t\t\t\t\t\t\t\t\t\t\t<\/div>\n\t\t\t\t\t\t\t\t\t\t\t\t<div class=\"premium-blog-content-wrapper \">\n\n\t\t\t\t\t<div class=\"premium-blog-inner-container\">\n\n\t\t\t\t\t\t\t\t\t\t\t\t\t\t<h2 class=\"premium-blog-entry-title\">\n\t\t\t<a href=\"https:\/\/www.projetowebsite.com.br\/marketing-de-conteudo\/a-arte-dos-baloes-personalizados-e-o-poder-da-web-tendencias-e-inovacoes-no-design-personalizado\/\" target=\"_blank\">\n\t\t\t\tA Arte dos Bal\u00f5es Personalizados e o Poder da Web: Tend\u00eancias e Inova\u00e7\u00f5es no Design Personalizado\t\t\t<\/a>\n\t\t<\/h2>\n\t\t\t\t<div class=\"premium-blog-entry-meta\">\n\t\t\t\n\t\t\t\n\t\t\t\n\t\t\t\t\t<\/div>\n\t\t\n\t\t\t\t\t<\/div>\n\n\t\t\t\t\t<p class=\"premium-blog-post-content\">Os bal\u00f5es personalizados t\u00eam conquistado um espa\u00e7o especial nas celebra\u00e7\u00f5es modernas. Com o avan\u00e7o das tecnologias digitais e a popularidade das redes \u2026<\/p>\t\t\t\t\t\n\t\t\t\t<\/div>\n\t\t\t<\/div>\n\t\t<\/div>\n\n\t\t\t\t<div class=\"premium-blog-post-outer-container\" data-total=\"18\">\n\t\t\t<div class=\"premium-blog-post-container premium-blog-skin-modern\">\n\t\t\t\t\t\t\t\t\t<div class=\"premium-blog-thumb-effect-wrapper\">\n\t\t\t\t\t\t<div class=\"premium-blog-thumbnail-container premium-blog-none-effect\">\n\t\t\t\t\t\t\t\t\t\t<a href=\"https:\/\/www.projetowebsite.com.br\/marketing-de-conteudo\/anuncios-pagos-como-criar-campanhas-eficazes-para-seu-negocio-de-festas-e-baloes-personalizados\/\" target=\"_blank\">\n\t\t\t<img decoding=\"async\" width=\"1998\" height=\"722\" src=\"https:\/\/www.projetowebsite.com.br\/marketing-de-conteudo\/wp-content\/uploads\/2024\/07\/anuncios-pagos-como-criar-campanhas-eficazes-para-seu-negocio-de-festas-e-baloes-personalizados.webp\" class=\"attachment-full size-full wp-image-1043\" alt=\"An\u00fancios Pagos: Como Criar Campanhas Eficazes para seu Neg\u00f3cio de Festas e Bal\u00f5es Personalizados\" srcset=\"https:\/\/www.projetowebsite.com.br\/marketing-de-conteudo\/wp-content\/uploads\/2024\/07\/anuncios-pagos-como-criar-campanhas-eficazes-para-seu-negocio-de-festas-e-baloes-personalizados.webp 1998w, https:\/\/www.projetowebsite.com.br\/marketing-de-conteudo\/wp-content\/uploads\/2024\/07\/anuncios-pagos-como-criar-campanhas-eficazes-para-seu-negocio-de-festas-e-baloes-personalizados-300x108.webp 300w, https:\/\/www.projetowebsite.com.br\/marketing-de-conteudo\/wp-content\/uploads\/2024\/07\/anuncios-pagos-como-criar-campanhas-eficazes-para-seu-negocio-de-festas-e-baloes-personalizados-1024x370.webp 1024w, https:\/\/www.projetowebsite.com.br\/marketing-de-conteudo\/wp-content\/uploads\/2024\/07\/anuncios-pagos-como-criar-campanhas-eficazes-para-seu-negocio-de-festas-e-baloes-personalizados-768x278.webp 768w, https:\/\/www.projetowebsite.com.br\/marketing-de-conteudo\/wp-content\/uploads\/2024\/07\/anuncios-pagos-como-criar-campanhas-eficazes-para-seu-negocio-de-festas-e-baloes-personalizados-1536x555.webp 1536w\" sizes=\"(max-width: 1998px) 100vw, 1998px\" \/>\t\t\t<\/a>\n\t\t\t\t\t\t\t\t\t<\/div>\n\t\t\t\t\t\t\t\t\t\t\t\t\t<div class=\"premium-blog-effect-container premium-blog-none-effect\">\n\t\t\t\t\t\t\t\t<a class=\"premium-blog-post-link\" href=\"https:\/\/www.projetowebsite.com.br\/marketing-de-conteudo\/anuncios-pagos-como-criar-campanhas-eficazes-para-seu-negocio-de-festas-e-baloes-personalizados\/\" target=\"_blank\"><span>An\u00fancios Pagos: Como Criar Campanhas Eficazes para seu Neg\u00f3cio de Festas e Bal\u00f5es Personalizados<\/span><\/a>\n\t\t\t\t\t\t\t\t\t\t\t\t\t\t\t<\/div>\n\t\t\t\t\t\t\t\t\t\t\t<\/div>\n\t\t\t\t\t\t\t\t\t\t\t\t<div class=\"premium-blog-content-wrapper \">\n\n\t\t\t\t\t<div class=\"premium-blog-inner-container\">\n\n\t\t\t\t\t\t\t\t\t\t\t\t\t\t<h2 class=\"premium-blog-entry-title\">\n\t\t\t<a href=\"https:\/\/www.projetowebsite.com.br\/marketing-de-conteudo\/anuncios-pagos-como-criar-campanhas-eficazes-para-seu-negocio-de-festas-e-baloes-personalizados\/\" target=\"_blank\">\n\t\t\t\tAn\u00fancios Pagos: Como Criar Campanhas Eficazes para seu Neg\u00f3cio de Festas e Bal\u00f5es Personalizados\t\t\t<\/a>\n\t\t<\/h2>\n\t\t\t\t<div class=\"premium-blog-entry-meta\">\n\t\t\t\n\t\t\t\n\t\t\t\n\t\t\t\t\t<\/div>\n\t\t\n\t\t\t\t\t<\/div>\n\n\t\t\t\t\t<p class=\"premium-blog-post-content\">No mercado din\u00e2mico de festas e bal\u00f5es personalizados, destacar-se da concorr\u00eancia \u00e9 crucial para atrair mais clientes e impulsionar seu neg\u00f3cio. Uma \u2026<\/p>\t\t\t\t\t\n\t\t\t\t<\/div>\n\t\t\t<\/div>\n\t\t<\/div>\n\n\t\t\t\t<div class=\"premium-blog-post-outer-container\" data-total=\"18\">\n\t\t\t<div class=\"premium-blog-post-container premium-blog-skin-modern\">\n\t\t\t\t\t\t\t\t\t<div class=\"premium-blog-thumb-effect-wrapper\">\n\t\t\t\t\t\t<div class=\"premium-blog-thumbnail-container premium-blog-none-effect\">\n\t\t\t\t\t\t\t\t\t\t<a href=\"https:\/\/www.projetowebsite.com.br\/marketing-de-conteudo\/maximizando-a-competitividade-a-importancia-da-analise-de-concorrencia-em-estrategias-digitais-para-planos-de-saude\/\" target=\"_blank\">\n\t\t\t<img decoding=\"async\" width=\"1000\" height=\"552\" src=\"https:\/\/www.projetowebsite.com.br\/marketing-de-conteudo\/wp-content\/uploads\/2024\/02\/plano-de-saude-para-empresas-em-sao-paulo-e1709236934784.jpg\" class=\"attachment-full size-full wp-image-994\" alt=\"Plano de sa\u00fade para empresas em s\u00e3o Paulo\" srcset=\"https:\/\/www.projetowebsite.com.br\/marketing-de-conteudo\/wp-content\/uploads\/2024\/02\/plano-de-saude-para-empresas-em-sao-paulo-e1709236934784.jpg 1000w, https:\/\/www.projetowebsite.com.br\/marketing-de-conteudo\/wp-content\/uploads\/2024\/02\/plano-de-saude-para-empresas-em-sao-paulo-e1709236934784-300x166.jpg 300w, https:\/\/www.projetowebsite.com.br\/marketing-de-conteudo\/wp-content\/uploads\/2024\/02\/plano-de-saude-para-empresas-em-sao-paulo-e1709236934784-768x424.jpg 768w\" sizes=\"(max-width: 1000px) 100vw, 1000px\" \/>\t\t\t<\/a>\n\t\t\t\t\t\t\t\t\t<\/div>\n\t\t\t\t\t\t\t\t\t\t\t\t\t<div class=\"premium-blog-effect-container premium-blog-none-effect\">\n\t\t\t\t\t\t\t\t<a class=\"premium-blog-post-link\" href=\"https:\/\/www.projetowebsite.com.br\/marketing-de-conteudo\/maximizando-a-competitividade-a-importancia-da-analise-de-concorrencia-em-estrategias-digitais-para-planos-de-saude\/\" target=\"_blank\"><span>Maximizando a Competitividade: A Import\u00e2ncia da An\u00e1lise de Concorr\u00eancia em Estrat\u00e9gias Digitais para Planos de Sa\u00fade<\/span><\/a>\n\t\t\t\t\t\t\t\t\t\t\t\t\t\t\t<\/div>\n\t\t\t\t\t\t\t\t\t\t\t<\/div>\n\t\t\t\t\t\t\t\t\t\t\t\t<div class=\"premium-blog-content-wrapper \">\n\n\t\t\t\t\t<div class=\"premium-blog-inner-container\">\n\n\t\t\t\t\t\t\t\t\t\t\t\t\t\t<h2 class=\"premium-blog-entry-title\">\n\t\t\t<a href=\"https:\/\/www.projetowebsite.com.br\/marketing-de-conteudo\/maximizando-a-competitividade-a-importancia-da-analise-de-concorrencia-em-estrategias-digitais-para-planos-de-saude\/\" target=\"_blank\">\n\t\t\t\tMaximizando a Competitividade: A Import\u00e2ncia da An\u00e1lise de Concorr\u00eancia em Estrat\u00e9gias Digitais para Planos de Sa\u00fade\t\t\t<\/a>\n\t\t<\/h2>\n\t\t\t\t<div class=\"premium-blog-entry-meta\">\n\t\t\t\n\t\t\t\n\t\t\t\n\t\t\t\t\t<\/div>\n\t\t\n\t\t\t\t\t<\/div>\n\n\t\t\t\t\t<p class=\"premium-blog-post-content\">No cen\u00e1rio din\u00e2mico dos planos de sa\u00fade, onde a concorr\u00eancia \u00e9 acirrada e as demandas dos clientes est\u00e3o em constante evolu\u00e7\u00e3o, a \u2026<\/p>\t\t\t\t\t\n\t\t\t\t<\/div>\n\t\t\t<\/div>\n\t\t<\/div>\n\n\t\t\t\t<div class=\"premium-blog-post-outer-container\" data-total=\"18\">\n\t\t\t<div class=\"premium-blog-post-container premium-blog-skin-modern\">\n\t\t\t\t\t\t\t\t\t<div class=\"premium-blog-thumb-effect-wrapper\">\n\t\t\t\t\t\t<div class=\"premium-blog-thumbnail-container premium-blog-none-effect\">\n\t\t\t\t\t\t\t\t\t\t<a href=\"https:\/\/www.projetowebsite.com.br\/marketing-de-conteudo\/maximizando-a-experiencia-do-usuario-a-importancia-do-design-responsivo-nos-websites-de-planos-de-saude\/\" target=\"_blank\">\n\t\t\t<img decoding=\"async\" width=\"1000\" height=\"552\" src=\"https:\/\/www.projetowebsite.com.br\/marketing-de-conteudo\/wp-content\/uploads\/2024\/02\/plano-de-saude-MedSenior-em-sao-paulo-e1709237030525.jpg\" class=\"attachment-full size-full wp-image-966\" alt=\"Plano de sa\u00fade MedSenior em s\u00e3o paulo\" srcset=\"https:\/\/www.projetowebsite.com.br\/marketing-de-conteudo\/wp-content\/uploads\/2024\/02\/plano-de-saude-MedSenior-em-sao-paulo-e1709237030525.jpg 1000w, https:\/\/www.projetowebsite.com.br\/marketing-de-conteudo\/wp-content\/uploads\/2024\/02\/plano-de-saude-MedSenior-em-sao-paulo-e1709237030525-300x166.jpg 300w, https:\/\/www.projetowebsite.com.br\/marketing-de-conteudo\/wp-content\/uploads\/2024\/02\/plano-de-saude-MedSenior-em-sao-paulo-e1709237030525-768x424.jpg 768w\" sizes=\"(max-width: 1000px) 100vw, 1000px\" \/>\t\t\t<\/a>\n\t\t\t\t\t\t\t\t\t<\/div>\n\t\t\t\t\t\t\t\t\t\t\t\t\t<div class=\"premium-blog-effect-container premium-blog-none-effect\">\n\t\t\t\t\t\t\t\t<a class=\"premium-blog-post-link\" href=\"https:\/\/www.projetowebsite.com.br\/marketing-de-conteudo\/maximizando-a-experiencia-do-usuario-a-importancia-do-design-responsivo-nos-websites-de-planos-de-saude\/\" target=\"_blank\"><span>Maximizando a Experi\u00eancia do Usu\u00e1rio: A Import\u00e2ncia do Design Responsivo nos Websites de Planos de Sa\u00fade<\/span><\/a>\n\t\t\t\t\t\t\t\t\t\t\t\t\t\t\t<\/div>\n\t\t\t\t\t\t\t\t\t\t\t<\/div>\n\t\t\t\t\t\t\t\t\t\t\t\t<div class=\"premium-blog-content-wrapper \">\n\n\t\t\t\t\t<div class=\"premium-blog-inner-container\">\n\n\t\t\t\t\t\t\t\t\t\t\t\t\t\t<h2 class=\"premium-blog-entry-title\">\n\t\t\t<a href=\"https:\/\/www.projetowebsite.com.br\/marketing-de-conteudo\/maximizando-a-experiencia-do-usuario-a-importancia-do-design-responsivo-nos-websites-de-planos-de-saude\/\" target=\"_blank\">\n\t\t\t\tMaximizando a Experi\u00eancia do Usu\u00e1rio: A Import\u00e2ncia do Design Responsivo nos Websites de Planos de Sa\u00fade\t\t\t<\/a>\n\t\t<\/h2>\n\t\t\t\t<div class=\"premium-blog-entry-meta\">\n\t\t\t\n\t\t\t\n\t\t\t\n\t\t\t\t\t<\/div>\n\t\t\n\t\t\t\t\t<\/div>\n\n\t\t\t\t\t<p class=\"premium-blog-post-content\">No mundo digital atual, onde a acessibilidade e a facilidade de uso s\u00e3o fundamentais, o design responsivo emerge como uma pedra angular \u2026<\/p>\t\t\t\t\t\n\t\t\t\t<\/div>\n\t\t\t<\/div>\n\t\t<\/div>\n\n\t\t\t\t<div class=\"premium-blog-post-outer-container\" data-total=\"18\">\n\t\t\t<div class=\"premium-blog-post-container premium-blog-skin-modern\">\n\t\t\t\t\t\t\t\t\t<div class=\"premium-blog-thumb-effect-wrapper\">\n\t\t\t\t\t\t<div class=\"premium-blog-thumbnail-container premium-blog-none-effect\">\n\t\t\t\t\t\t\t\t\t\t<a href=\"https:\/\/www.projetowebsite.com.br\/marketing-de-conteudo\/a-influencia-das-redes-sociais-no-marketing-digital-de-planos-de-saude-construindo-uma-comunidade-online\/\" target=\"_blank\">\n\t\t\t<img decoding=\"async\" width=\"1000\" height=\"552\" src=\"https:\/\/www.projetowebsite.com.br\/marketing-de-conteudo\/wp-content\/uploads\/2024\/02\/plano-de-saude-Unimed-em-sao-paulo-e1709237286165.jpg\" class=\"attachment-full size-full wp-image-986\" alt=\"Plano de sa\u00fade Unimed em s\u00e3o paulo\" srcset=\"https:\/\/www.projetowebsite.com.br\/marketing-de-conteudo\/wp-content\/uploads\/2024\/02\/plano-de-saude-Unimed-em-sao-paulo-e1709237286165.jpg 1000w, https:\/\/www.projetowebsite.com.br\/marketing-de-conteudo\/wp-content\/uploads\/2024\/02\/plano-de-saude-Unimed-em-sao-paulo-e1709237286165-300x166.jpg 300w, https:\/\/www.projetowebsite.com.br\/marketing-de-conteudo\/wp-content\/uploads\/2024\/02\/plano-de-saude-Unimed-em-sao-paulo-e1709237286165-768x424.jpg 768w\" sizes=\"(max-width: 1000px) 100vw, 1000px\" \/>\t\t\t<\/a>\n\t\t\t\t\t\t\t\t\t<\/div>\n\t\t\t\t\t\t\t\t\t\t\t\t\t<div class=\"premium-blog-effect-container premium-blog-none-effect\">\n\t\t\t\t\t\t\t\t<a class=\"premium-blog-post-link\" href=\"https:\/\/www.projetowebsite.com.br\/marketing-de-conteudo\/a-influencia-das-redes-sociais-no-marketing-digital-de-planos-de-saude-construindo-uma-comunidade-online\/\" target=\"_blank\"><span>A Influ\u00eancia das Redes Sociais no Marketing Digital de Planos de Sa\u00fade: Construindo uma Comunidade Online<\/span><\/a>\n\t\t\t\t\t\t\t\t\t\t\t\t\t\t\t<\/div>\n\t\t\t\t\t\t\t\t\t\t\t<\/div>\n\t\t\t\t\t\t\t\t\t\t\t\t<div class=\"premium-blog-content-wrapper \">\n\n\t\t\t\t\t<div class=\"premium-blog-inner-container\">\n\n\t\t\t\t\t\t\t\t\t\t\t\t\t\t<h2 class=\"premium-blog-entry-title\">\n\t\t\t<a href=\"https:\/\/www.projetowebsite.com.br\/marketing-de-conteudo\/a-influencia-das-redes-sociais-no-marketing-digital-de-planos-de-saude-construindo-uma-comunidade-online\/\" target=\"_blank\">\n\t\t\t\tA Influ\u00eancia das Redes Sociais no Marketing Digital de Planos de Sa\u00fade: Construindo uma Comunidade Online\t\t\t<\/a>\n\t\t<\/h2>\n\t\t\t\t<div class=\"premium-blog-entry-meta\">\n\t\t\t\n\t\t\t\n\t\t\t\n\t\t\t\t\t<\/div>\n\t\t\n\t\t\t\t\t<\/div>\n\n\t\t\t\t\t<p class=\"premium-blog-post-content\">No mundo cada vez mais conectado em que vivemos, as redes sociais se tornaram um elemento essencial para as estrat\u00e9gias de marketing \u2026<\/p>\t\t\t\t\t\n\t\t\t\t<\/div>\n\t\t\t<\/div>\n\t\t<\/div>\n\n\t\t\t\t<\/div>\r\n\r\n\t\t\t\t<\/div>\n\t\t\t\t<\/div>\n\t\t\t\t<div class=\"elementor-element elementor-element-612b65d premium-blog-align-left elementor-widget elementor-widget-premium-addon-blog\" data-id=\"612b65d\" data-element_type=\"widget\" data-settings=\"{&quot;premium_blog_columns_number&quot;:&quot;33.33%&quot;,&quot;premium_blog_grid&quot;:&quot;yes&quot;,&quot;premium_blog_layout&quot;:&quot;even&quot;,&quot;premium_blog_columns_number_tablet&quot;:&quot;50%&quot;,&quot;premium_blog_columns_number_mobile&quot;:&quot;100%&quot;,&quot;scroll_to_offset&quot;:&quot;yes&quot;}\" data-widget_type=\"premium-addon-blog.default\">\n\t\t\t\t<div class=\"elementor-widget-container\">\n\t\t\t\r\n\t\t\t\t<div class=\"premium-blog-wrap  premium-blog-even\" data-page=\"230\" data-pagination=\"true\">\r\n\t\t\t\t\t<div class=\"premium-blog-post-outer-container\" data-total=\"20\">\n\t\t\t<div class=\"premium-blog-post-container premium-blog-skin-classic\">\n\t\t\t\t\t\t\t\t\t<div class=\"premium-blog-thumb-effect-wrapper\">\n\t\t\t\t\t\t<div class=\"premium-blog-thumbnail-container premium-blog-none-effect\">\n\t\t\t\t\t\t\t<img decoding=\"async\" width=\"667\" height=\"1000\" src=\"https:\/\/www.projetowebsite.com.br\/marketing-de-conteudo\/wp-content\/uploads\/2025\/03\/as-melhores-ideias-para-festas-e-eventos.jpg\" class=\"attachment-full size-full wp-image-1072\" alt=\"\" srcset=\"https:\/\/www.projetowebsite.com.br\/marketing-de-conteudo\/wp-content\/uploads\/2025\/03\/as-melhores-ideias-para-festas-e-eventos.jpg 667w, https:\/\/www.projetowebsite.com.br\/marketing-de-conteudo\/wp-content\/uploads\/2025\/03\/as-melhores-ideias-para-festas-e-eventos-200x300.jpg 200w\" sizes=\"(max-width: 667px) 100vw, 667px\" \/>\t\t\t\t\t\t<\/div>\n\t\t\t\t\t\t\t\t\t\t\t\t\t<div class=\"premium-blog-thumbnail-overlay\">\n\t\t\t\t\t\t\t\t<a class=\"elementor-icon\" href=\"https:\/\/www.projetowebsite.com.br\/marketing-de-conteudo\/as-melhores-ideias-para-festas-e-eventos\/\" target=\"_blank\" aria-hidden=\"true\"><span>Bal\u00f5es Personalizados: As Melhores Ideias para Festas e Eventos<\/span><\/a>\n\t\t\t\t\t\t\t<\/div>\n\t\t\t\t\t\t\t\t\t\t\t<\/div>\n\t\t\t\t\t\t\t\t\t\t\t\t<div class=\"premium-blog-content-wrapper \">\n\n\t\t\t\t\t<div class=\"premium-blog-inner-container\">\n\n\t\t\t\t\t\t\t\t\t\t\t\t\t\t<h2 class=\"premium-blog-entry-title\">\n\t\t\t<a href=\"https:\/\/www.projetowebsite.com.br\/marketing-de-conteudo\/as-melhores-ideias-para-festas-e-eventos\/\" target=\"_blank\">\n\t\t\t\tBal\u00f5es Personalizados: As Melhores Ideias para Festas e Eventos\t\t\t<\/a>\n\t\t<\/h2>\n\t\t\t\t<div class=\"premium-blog-entry-meta\">\n\t\t\t\n\t\t\t\t\t\t\t<span class=\"premium-blog-meta-separator\">\u2022<\/span>\n\t\t\t\t<div class=\"premium-blog-post-time premium-blog-meta-data\">\n\t\t\t\t\t<i class=\"fa fa-clock-o\" aria-hidden=\"true\"><\/i>\n\t\t\t\t\t<span>25 de mar\u00e7o de 2025<\/span>\n\t\t\t\t<\/div>\n\t\t\t\n\t\t\t\n\t\t\t\t\t<\/div>\n\t\t\n\t\t\t\t\t<\/div>\n\n\t\t\t\t\t<p class=\"premium-blog-post-content\">Os bal\u00f5es personalizados s\u00e3o uma tend\u00eancia crescente na decora\u00e7\u00e3o de \u2026<\/p>\t\t\t\t\t\n\t\t\t\t<\/div>\n\t\t\t<\/div>\n\t\t<\/div>\n\n\t\t\t\t<div class=\"premium-blog-post-outer-container\" data-total=\"20\">\n\t\t\t<div class=\"premium-blog-post-container premium-blog-skin-classic\">\n\t\t\t\t\t\t\t\t\t<div class=\"premium-blog-thumb-effect-wrapper\">\n\t\t\t\t\t\t<div class=\"premium-blog-thumbnail-container premium-blog-none-effect\">\n\t\t\t\t\t\t\t<img decoding=\"async\" width=\"667\" height=\"1000\" src=\"https:\/\/www.projetowebsite.com.br\/marketing-de-conteudo\/wp-content\/uploads\/2025\/03\/feiras-e-eventos-como-os-baloes-personalizados-podem-destacar-sua-empresa.jpg\" class=\"attachment-full size-full wp-image-1065\" alt=\"\" srcset=\"https:\/\/www.projetowebsite.com.br\/marketing-de-conteudo\/wp-content\/uploads\/2025\/03\/feiras-e-eventos-como-os-baloes-personalizados-podem-destacar-sua-empresa.jpg 667w, https:\/\/www.projetowebsite.com.br\/marketing-de-conteudo\/wp-content\/uploads\/2025\/03\/feiras-e-eventos-como-os-baloes-personalizados-podem-destacar-sua-empresa-200x300.jpg 200w\" sizes=\"(max-width: 667px) 100vw, 667px\" \/>\t\t\t\t\t\t<\/div>\n\t\t\t\t\t\t\t\t\t\t\t\t\t<div class=\"premium-blog-thumbnail-overlay\">\n\t\t\t\t\t\t\t\t<a class=\"elementor-icon\" href=\"https:\/\/www.projetowebsite.com.br\/marketing-de-conteudo\/feiras-e-eventos-como-os-baloes-personalizados-podem-destacar-sua-empresa\/\" target=\"_blank\" aria-hidden=\"true\"><span>Feiras e Eventos: Como os Bal\u00f5es Personalizados Podem Destacar Sua Empresa<\/span><\/a>\n\t\t\t\t\t\t\t<\/div>\n\t\t\t\t\t\t\t\t\t\t\t<\/div>\n\t\t\t\t\t\t\t\t\t\t\t\t<div class=\"premium-blog-content-wrapper \">\n\n\t\t\t\t\t<div class=\"premium-blog-inner-container\">\n\n\t\t\t\t\t\t\t\t\t\t\t\t\t\t<h2 class=\"premium-blog-entry-title\">\n\t\t\t<a href=\"https:\/\/www.projetowebsite.com.br\/marketing-de-conteudo\/feiras-e-eventos-como-os-baloes-personalizados-podem-destacar-sua-empresa\/\" target=\"_blank\">\n\t\t\t\tFeiras e Eventos: Como os Bal\u00f5es Personalizados Podem Destacar Sua Empresa\t\t\t<\/a>\n\t\t<\/h2>\n\t\t\t\t<div class=\"premium-blog-entry-meta\">\n\t\t\t\n\t\t\t\t\t\t\t<span class=\"premium-blog-meta-separator\">\u2022<\/span>\n\t\t\t\t<div class=\"premium-blog-post-time premium-blog-meta-data\">\n\t\t\t\t\t<i class=\"fa fa-clock-o\" aria-hidden=\"true\"><\/i>\n\t\t\t\t\t<span>17 de mar\u00e7o de 2025<\/span>\n\t\t\t\t<\/div>\n\t\t\t\n\t\t\t\n\t\t\t\t\t<\/div>\n\t\t\n\t\t\t\t\t<\/div>\n\n\t\t\t\t\t<p class=\"premium-blog-post-content\">Participar de feiras e eventos \u00e9 uma excelente estrat\u00e9gia para \u2026<\/p>\t\t\t\t\t\n\t\t\t\t<\/div>\n\t\t\t<\/div>\n\t\t<\/div>\n\n\t\t\t\t<div class=\"premium-blog-post-outer-container\" data-total=\"20\">\n\t\t\t<div class=\"premium-blog-post-container premium-blog-skin-classic\">\n\t\t\t\t\t\t\t\t\t<div class=\"premium-blog-thumb-effect-wrapper\">\n\t\t\t\t\t\t<div class=\"premium-blog-thumbnail-container premium-blog-none-effect\">\n\t\t\t\t\t\t\t<img decoding=\"async\" width=\"1000\" height=\"667\" src=\"https:\/\/www.projetowebsite.com.br\/marketing-de-conteudo\/wp-content\/uploads\/2025\/03\/Baloes-Personalizados-As-Melhores-Ideias-para-Festas-e-Eventos.jpg\" class=\"attachment-full size-full wp-image-1061\" alt=\"Bal\u00f5es Personalizados As Melhores Ideias para Festas e Eventos\" srcset=\"https:\/\/www.projetowebsite.com.br\/marketing-de-conteudo\/wp-content\/uploads\/2025\/03\/Baloes-Personalizados-As-Melhores-Ideias-para-Festas-e-Eventos.jpg 1000w, https:\/\/www.projetowebsite.com.br\/marketing-de-conteudo\/wp-content\/uploads\/2025\/03\/Baloes-Personalizados-As-Melhores-Ideias-para-Festas-e-Eventos-300x200.jpg 300w, https:\/\/www.projetowebsite.com.br\/marketing-de-conteudo\/wp-content\/uploads\/2025\/03\/Baloes-Personalizados-As-Melhores-Ideias-para-Festas-e-Eventos-768x512.jpg 768w\" sizes=\"(max-width: 1000px) 100vw, 1000px\" \/>\t\t\t\t\t\t<\/div>\n\t\t\t\t\t\t\t\t\t\t\t\t\t<div class=\"premium-blog-thumbnail-overlay\">\n\t\t\t\t\t\t\t\t<a class=\"elementor-icon\" href=\"https:\/\/www.projetowebsite.com.br\/marketing-de-conteudo\/baloes-personalizados-as-melhores-ideias-para-festas-e-eventos\/\" target=\"_blank\" aria-hidden=\"true\"><span>Bal\u00f5es Personalizados: As Melhores Ideias para Festas e Eventos<\/span><\/a>\n\t\t\t\t\t\t\t<\/div>\n\t\t\t\t\t\t\t\t\t\t\t<\/div>\n\t\t\t\t\t\t\t\t\t\t\t\t<div class=\"premium-blog-content-wrapper \">\n\n\t\t\t\t\t<div class=\"premium-blog-inner-container\">\n\n\t\t\t\t\t\t\t\t\t\t\t\t\t\t<h2 class=\"premium-blog-entry-title\">\n\t\t\t<a href=\"https:\/\/www.projetowebsite.com.br\/marketing-de-conteudo\/baloes-personalizados-as-melhores-ideias-para-festas-e-eventos\/\" target=\"_blank\">\n\t\t\t\tBal\u00f5es Personalizados: As Melhores Ideias para Festas e Eventos\t\t\t<\/a>\n\t\t<\/h2>\n\t\t\t\t<div class=\"premium-blog-entry-meta\">\n\t\t\t\n\t\t\t\t\t\t\t<span class=\"premium-blog-meta-separator\">\u2022<\/span>\n\t\t\t\t<div class=\"premium-blog-post-time premium-blog-meta-data\">\n\t\t\t\t\t<i class=\"fa fa-clock-o\" aria-hidden=\"true\"><\/i>\n\t\t\t\t\t<span>12 de mar\u00e7o de 2025<\/span>\n\t\t\t\t<\/div>\n\t\t\t\n\t\t\t\n\t\t\t\t\t<\/div>\n\t\t\n\t\t\t\t\t<\/div>\n\n\t\t\t\t\t<p class=\"premium-blog-post-content\">Os bal\u00f5es personalizados s\u00e3o uma tend\u00eancia cada vez mais popular \u2026<\/p>\t\t\t\t\t\n\t\t\t\t<\/div>\n\t\t\t<\/div>\n\t\t<\/div>\n\n\t\t\t\t<div class=\"premium-blog-post-outer-container\" data-total=\"20\">\n\t\t\t<div class=\"premium-blog-post-container premium-blog-skin-classic\">\n\t\t\t\t\t\t\t\t\t<div class=\"premium-blog-thumb-effect-wrapper\">\n\t\t\t\t\t\t<div class=\"premium-blog-thumbnail-container premium-blog-none-effect\">\n\t\t\t\t\t\t\t<img decoding=\"async\" width=\"1200\" height=\"800\" src=\"https:\/\/www.projetowebsite.com.br\/marketing-de-conteudo\/wp-content\/uploads\/2025\/01\/como-baloes-personalizados-podem-ajudar-a-destacar-sua-loja-ou-evento.jpg\" class=\"attachment-full size-full wp-image-1056\" alt=\"\" srcset=\"https:\/\/www.projetowebsite.com.br\/marketing-de-conteudo\/wp-content\/uploads\/2025\/01\/como-baloes-personalizados-podem-ajudar-a-destacar-sua-loja-ou-evento.jpg 1200w, https:\/\/www.projetowebsite.com.br\/marketing-de-conteudo\/wp-content\/uploads\/2025\/01\/como-baloes-personalizados-podem-ajudar-a-destacar-sua-loja-ou-evento-300x200.jpg 300w, https:\/\/www.projetowebsite.com.br\/marketing-de-conteudo\/wp-content\/uploads\/2025\/01\/como-baloes-personalizados-podem-ajudar-a-destacar-sua-loja-ou-evento-1024x683.jpg 1024w, https:\/\/www.projetowebsite.com.br\/marketing-de-conteudo\/wp-content\/uploads\/2025\/01\/como-baloes-personalizados-podem-ajudar-a-destacar-sua-loja-ou-evento-768x512.jpg 768w\" sizes=\"(max-width: 1200px) 100vw, 1200px\" \/>\t\t\t\t\t\t<\/div>\n\t\t\t\t\t\t\t\t\t\t\t\t\t<div class=\"premium-blog-thumbnail-overlay\">\n\t\t\t\t\t\t\t\t<a class=\"elementor-icon\" href=\"https:\/\/www.projetowebsite.com.br\/marketing-de-conteudo\/como-baloes-personalizados-podem-ajudar-a-destacar-sua-loja-ou-evento\/\" target=\"_blank\" aria-hidden=\"true\"><span>Como Bal\u00f5es Personalizados Podem Ajudar a Destacar Sua Loja ou Evento<\/span><\/a>\n\t\t\t\t\t\t\t<\/div>\n\t\t\t\t\t\t\t\t\t\t\t<\/div>\n\t\t\t\t\t\t\t\t\t\t\t\t<div class=\"premium-blog-content-wrapper \">\n\n\t\t\t\t\t<div class=\"premium-blog-inner-container\">\n\n\t\t\t\t\t\t\t\t\t\t\t\t\t\t<h2 class=\"premium-blog-entry-title\">\n\t\t\t<a href=\"https:\/\/www.projetowebsite.com.br\/marketing-de-conteudo\/como-baloes-personalizados-podem-ajudar-a-destacar-sua-loja-ou-evento\/\" target=\"_blank\">\n\t\t\t\tComo Bal\u00f5es Personalizados Podem Ajudar a Destacar Sua Loja ou Evento\t\t\t<\/a>\n\t\t<\/h2>\n\t\t\t\t<div class=\"premium-blog-entry-meta\">\n\t\t\t\n\t\t\t\t\t\t\t<span class=\"premium-blog-meta-separator\">\u2022<\/span>\n\t\t\t\t<div class=\"premium-blog-post-time premium-blog-meta-data\">\n\t\t\t\t\t<i class=\"fa fa-clock-o\" aria-hidden=\"true\"><\/i>\n\t\t\t\t\t<span>29 de janeiro de 2025<\/span>\n\t\t\t\t<\/div>\n\t\t\t\n\t\t\t\n\t\t\t\t\t<\/div>\n\t\t\n\t\t\t\t\t<\/div>\n\n\t\t\t\t\t<p class=\"premium-blog-post-content\">Se voc\u00ea quer atrair a aten\u00e7\u00e3o do p\u00fablico e criar \u2026<\/p>\t\t\t\t\t\n\t\t\t\t<\/div>\n\t\t\t<\/div>\n\t\t<\/div>\n\n\t\t\t\t<div class=\"premium-blog-post-outer-container\" data-total=\"20\">\n\t\t\t<div class=\"premium-blog-post-container premium-blog-skin-classic\">\n\t\t\t\t\t\t\t\t\t<div class=\"premium-blog-thumb-effect-wrapper\">\n\t\t\t\t\t\t<div class=\"premium-blog-thumbnail-container premium-blog-none-effect\">\n\t\t\t\t\t\t\t<img decoding=\"async\" width=\"1200\" height=\"800\" src=\"https:\/\/www.projetowebsite.com.br\/marketing-de-conteudo\/wp-content\/uploads\/2025\/01\/Baloes-Personalizados-Online.jpg\" class=\"attachment-full size-full wp-image-1052\" alt=\"\" srcset=\"https:\/\/www.projetowebsite.com.br\/marketing-de-conteudo\/wp-content\/uploads\/2025\/01\/Baloes-Personalizados-Online.jpg 1200w, https:\/\/www.projetowebsite.com.br\/marketing-de-conteudo\/wp-content\/uploads\/2025\/01\/Baloes-Personalizados-Online-300x200.jpg 300w, https:\/\/www.projetowebsite.com.br\/marketing-de-conteudo\/wp-content\/uploads\/2025\/01\/Baloes-Personalizados-Online-1024x683.jpg 1024w, https:\/\/www.projetowebsite.com.br\/marketing-de-conteudo\/wp-content\/uploads\/2025\/01\/Baloes-Personalizados-Online-768x512.jpg 768w\" sizes=\"(max-width: 1200px) 100vw, 1200px\" \/>\t\t\t\t\t\t<\/div>\n\t\t\t\t\t\t\t\t\t\t\t\t\t<div class=\"premium-blog-thumbnail-overlay\">\n\t\t\t\t\t\t\t\t<a class=\"elementor-icon\" href=\"https:\/\/www.projetowebsite.com.br\/marketing-de-conteudo\/a-importancia-do-seo-para-vender-baloes-personalizados-online\/\" target=\"_blank\" aria-hidden=\"true\"><span>A Import\u00e2ncia do SEO para Vender Bal\u00f5es Personalizados Online<\/span><\/a>\n\t\t\t\t\t\t\t<\/div>\n\t\t\t\t\t\t\t\t\t\t\t<\/div>\n\t\t\t\t\t\t\t\t\t\t\t\t<div class=\"premium-blog-content-wrapper \">\n\n\t\t\t\t\t<div class=\"premium-blog-inner-container\">\n\n\t\t\t\t\t\t\t\t\t\t\t\t\t\t<h2 class=\"premium-blog-entry-title\">\n\t\t\t<a href=\"https:\/\/www.projetowebsite.com.br\/marketing-de-conteudo\/a-importancia-do-seo-para-vender-baloes-personalizados-online\/\" target=\"_blank\">\n\t\t\t\tA Import\u00e2ncia do SEO para Vender Bal\u00f5es Personalizados Online\t\t\t<\/a>\n\t\t<\/h2>\n\t\t\t\t<div class=\"premium-blog-entry-meta\">\n\t\t\t\n\t\t\t\t\t\t\t<span class=\"premium-blog-meta-separator\">\u2022<\/span>\n\t\t\t\t<div class=\"premium-blog-post-time premium-blog-meta-data\">\n\t\t\t\t\t<i class=\"fa fa-clock-o\" aria-hidden=\"true\"><\/i>\n\t\t\t\t\t<span>21 de janeiro de 2025<\/span>\n\t\t\t\t<\/div>\n\t\t\t\n\t\t\t\n\t\t\t\t\t<\/div>\n\t\t\n\t\t\t\t\t<\/div>\n\n\t\t\t\t\t<p class=\"premium-blog-post-content\">Se voc\u00ea trabalha com a venda de bal\u00f5es personalizados online, \u2026<\/p>\t\t\t\t\t\n\t\t\t\t<\/div>\n\t\t\t<\/div>\n\t\t<\/div>\n\n\t\t\t\t<div class=\"premium-blog-post-outer-container\" data-total=\"20\">\n\t\t\t<div class=\"premium-blog-post-container premium-blog-skin-classic\">\n\t\t\t\t\t\t\t\t\t<div class=\"premium-blog-thumb-effect-wrapper\">\n\t\t\t\t\t\t<div class=\"premium-blog-thumbnail-container premium-blog-none-effect\">\n\t\t\t\t\t\t\t<img decoding=\"async\" width=\"1200\" height=\"900\" src=\"https:\/\/www.projetowebsite.com.br\/marketing-de-conteudo\/wp-content\/uploads\/2024\/11\/arte-baloes-personalizados-poder-da-web.webp\" class=\"attachment-full size-full wp-image-1047\" alt=\"A Arte dos Bal\u00f5es Personalizados e o Poder da Web\" srcset=\"https:\/\/www.projetowebsite.com.br\/marketing-de-conteudo\/wp-content\/uploads\/2024\/11\/arte-baloes-personalizados-poder-da-web.webp 1200w, https:\/\/www.projetowebsite.com.br\/marketing-de-conteudo\/wp-content\/uploads\/2024\/11\/arte-baloes-personalizados-poder-da-web-300x225.webp 300w, https:\/\/www.projetowebsite.com.br\/marketing-de-conteudo\/wp-content\/uploads\/2024\/11\/arte-baloes-personalizados-poder-da-web-1024x768.webp 1024w, https:\/\/www.projetowebsite.com.br\/marketing-de-conteudo\/wp-content\/uploads\/2024\/11\/arte-baloes-personalizados-poder-da-web-768x576.webp 768w\" sizes=\"(max-width: 1200px) 100vw, 1200px\" \/>\t\t\t\t\t\t<\/div>\n\t\t\t\t\t\t\t\t\t\t\t\t\t<div class=\"premium-blog-thumbnail-overlay\">\n\t\t\t\t\t\t\t\t<a class=\"elementor-icon\" href=\"https:\/\/www.projetowebsite.com.br\/marketing-de-conteudo\/a-arte-dos-baloes-personalizados-e-o-poder-da-web-tendencias-e-inovacoes-no-design-personalizado\/\" target=\"_blank\" aria-hidden=\"true\"><span>A Arte dos Bal\u00f5es Personalizados e o Poder da Web: Tend\u00eancias e Inova\u00e7\u00f5es no Design Personalizado<\/span><\/a>\n\t\t\t\t\t\t\t<\/div>\n\t\t\t\t\t\t\t\t\t\t\t<\/div>\n\t\t\t\t\t\t\t\t\t\t\t\t<div class=\"premium-blog-content-wrapper \">\n\n\t\t\t\t\t<div class=\"premium-blog-inner-container\">\n\n\t\t\t\t\t\t\t\t\t\t\t\t\t\t<h2 class=\"premium-blog-entry-title\">\n\t\t\t<a href=\"https:\/\/www.projetowebsite.com.br\/marketing-de-conteudo\/a-arte-dos-baloes-personalizados-e-o-poder-da-web-tendencias-e-inovacoes-no-design-personalizado\/\" target=\"_blank\">\n\t\t\t\tA Arte dos Bal\u00f5es Personalizados e o Poder da Web: Tend\u00eancias e Inova\u00e7\u00f5es no Design Personalizado\t\t\t<\/a>\n\t\t<\/h2>\n\t\t\t\t<div class=\"premium-blog-entry-meta\">\n\t\t\t\n\t\t\t\t\t\t\t<span class=\"premium-blog-meta-separator\">\u2022<\/span>\n\t\t\t\t<div class=\"premium-blog-post-time premium-blog-meta-data\">\n\t\t\t\t\t<i class=\"fa fa-clock-o\" aria-hidden=\"true\"><\/i>\n\t\t\t\t\t<span>12 de novembro de 2024<\/span>\n\t\t\t\t<\/div>\n\t\t\t\n\t\t\t\n\t\t\t\t\t<\/div>\n\t\t\n\t\t\t\t\t<\/div>\n\n\t\t\t\t\t<p class=\"premium-blog-post-content\">Os bal\u00f5es personalizados t\u00eam conquistado um espa\u00e7o especial nas celebra\u00e7\u00f5es \u2026<\/p>\t\t\t\t\t\n\t\t\t\t<\/div>\n\t\t\t<\/div>\n\t\t<\/div>\n\n\t\t\t\t<div class=\"premium-blog-post-outer-container\" data-total=\"20\">\n\t\t\t<div class=\"premium-blog-post-container premium-blog-skin-classic\">\n\t\t\t\t\t\t\t\t\t<div class=\"premium-blog-thumb-effect-wrapper\">\n\t\t\t\t\t\t<div class=\"premium-blog-thumbnail-container premium-blog-none-effect\">\n\t\t\t\t\t\t\t<img decoding=\"async\" width=\"1998\" height=\"722\" src=\"https:\/\/www.projetowebsite.com.br\/marketing-de-conteudo\/wp-content\/uploads\/2024\/07\/anuncios-pagos-como-criar-campanhas-eficazes-para-seu-negocio-de-festas-e-baloes-personalizados.webp\" class=\"attachment-full size-full wp-image-1043\" alt=\"An\u00fancios Pagos: Como Criar Campanhas Eficazes para seu Neg\u00f3cio de Festas e Bal\u00f5es Personalizados\" srcset=\"https:\/\/www.projetowebsite.com.br\/marketing-de-conteudo\/wp-content\/uploads\/2024\/07\/anuncios-pagos-como-criar-campanhas-eficazes-para-seu-negocio-de-festas-e-baloes-personalizados.webp 1998w, https:\/\/www.projetowebsite.com.br\/marketing-de-conteudo\/wp-content\/uploads\/2024\/07\/anuncios-pagos-como-criar-campanhas-eficazes-para-seu-negocio-de-festas-e-baloes-personalizados-300x108.webp 300w, https:\/\/www.projetowebsite.com.br\/marketing-de-conteudo\/wp-content\/uploads\/2024\/07\/anuncios-pagos-como-criar-campanhas-eficazes-para-seu-negocio-de-festas-e-baloes-personalizados-1024x370.webp 1024w, https:\/\/www.projetowebsite.com.br\/marketing-de-conteudo\/wp-content\/uploads\/2024\/07\/anuncios-pagos-como-criar-campanhas-eficazes-para-seu-negocio-de-festas-e-baloes-personalizados-768x278.webp 768w, https:\/\/www.projetowebsite.com.br\/marketing-de-conteudo\/wp-content\/uploads\/2024\/07\/anuncios-pagos-como-criar-campanhas-eficazes-para-seu-negocio-de-festas-e-baloes-personalizados-1536x555.webp 1536w\" sizes=\"(max-width: 1998px) 100vw, 1998px\" \/>\t\t\t\t\t\t<\/div>\n\t\t\t\t\t\t\t\t\t\t\t\t\t<div class=\"premium-blog-thumbnail-overlay\">\n\t\t\t\t\t\t\t\t<a class=\"elementor-icon\" href=\"https:\/\/www.projetowebsite.com.br\/marketing-de-conteudo\/anuncios-pagos-como-criar-campanhas-eficazes-para-seu-negocio-de-festas-e-baloes-personalizados\/\" target=\"_blank\" aria-hidden=\"true\"><span>An\u00fancios Pagos: Como Criar Campanhas Eficazes para seu Neg\u00f3cio de Festas e Bal\u00f5es Personalizados<\/span><\/a>\n\t\t\t\t\t\t\t<\/div>\n\t\t\t\t\t\t\t\t\t\t\t<\/div>\n\t\t\t\t\t\t\t\t\t\t\t\t<div class=\"premium-blog-content-wrapper \">\n\n\t\t\t\t\t<div class=\"premium-blog-inner-container\">\n\n\t\t\t\t\t\t\t\t\t\t\t\t\t\t<h2 class=\"premium-blog-entry-title\">\n\t\t\t<a href=\"https:\/\/www.projetowebsite.com.br\/marketing-de-conteudo\/anuncios-pagos-como-criar-campanhas-eficazes-para-seu-negocio-de-festas-e-baloes-personalizados\/\" target=\"_blank\">\n\t\t\t\tAn\u00fancios Pagos: Como Criar Campanhas Eficazes para seu Neg\u00f3cio de Festas e Bal\u00f5es Personalizados\t\t\t<\/a>\n\t\t<\/h2>\n\t\t\t\t<div class=\"premium-blog-entry-meta\">\n\t\t\t\n\t\t\t\t\t\t\t<span class=\"premium-blog-meta-separator\">\u2022<\/span>\n\t\t\t\t<div class=\"premium-blog-post-time premium-blog-meta-data\">\n\t\t\t\t\t<i class=\"fa fa-clock-o\" aria-hidden=\"true\"><\/i>\n\t\t\t\t\t<span>4 de julho de 2024<\/span>\n\t\t\t\t<\/div>\n\t\t\t\n\t\t\t\n\t\t\t\t\t<\/div>\n\t\t\n\t\t\t\t\t<\/div>\n\n\t\t\t\t\t<p class=\"premium-blog-post-content\">No mercado din\u00e2mico de festas e bal\u00f5es personalizados, destacar-se da \u2026<\/p>\t\t\t\t\t\n\t\t\t\t<\/div>\n\t\t\t<\/div>\n\t\t<\/div>\n\n\t\t\t\t<div class=\"premium-blog-post-outer-container\" data-total=\"20\">\n\t\t\t<div class=\"premium-blog-post-container premium-blog-skin-classic\">\n\t\t\t\t\t\t\t\t\t<div class=\"premium-blog-thumb-effect-wrapper\">\n\t\t\t\t\t\t<div class=\"premium-blog-thumbnail-container premium-blog-none-effect\">\n\t\t\t\t\t\t\t<img decoding=\"async\" width=\"1000\" height=\"552\" src=\"https:\/\/www.projetowebsite.com.br\/marketing-de-conteudo\/wp-content\/uploads\/2024\/02\/plano-de-saude-para-empresas-em-sao-paulo-e1709236934784.jpg\" class=\"attachment-full size-full wp-image-994\" alt=\"Plano de sa\u00fade para empresas em s\u00e3o Paulo\" srcset=\"https:\/\/www.projetowebsite.com.br\/marketing-de-conteudo\/wp-content\/uploads\/2024\/02\/plano-de-saude-para-empresas-em-sao-paulo-e1709236934784.jpg 1000w, https:\/\/www.projetowebsite.com.br\/marketing-de-conteudo\/wp-content\/uploads\/2024\/02\/plano-de-saude-para-empresas-em-sao-paulo-e1709236934784-300x166.jpg 300w, https:\/\/www.projetowebsite.com.br\/marketing-de-conteudo\/wp-content\/uploads\/2024\/02\/plano-de-saude-para-empresas-em-sao-paulo-e1709236934784-768x424.jpg 768w\" sizes=\"(max-width: 1000px) 100vw, 1000px\" \/>\t\t\t\t\t\t<\/div>\n\t\t\t\t\t\t\t\t\t\t\t\t\t<div class=\"premium-blog-thumbnail-overlay\">\n\t\t\t\t\t\t\t\t<a class=\"elementor-icon\" href=\"https:\/\/www.projetowebsite.com.br\/marketing-de-conteudo\/maximizando-a-competitividade-a-importancia-da-analise-de-concorrencia-em-estrategias-digitais-para-planos-de-saude\/\" target=\"_blank\" aria-hidden=\"true\"><span>Maximizando a Competitividade: A Import\u00e2ncia da An\u00e1lise de Concorr\u00eancia em Estrat\u00e9gias Digitais para Planos de Sa\u00fade<\/span><\/a>\n\t\t\t\t\t\t\t<\/div>\n\t\t\t\t\t\t\t\t\t\t\t<\/div>\n\t\t\t\t\t\t\t\t\t\t\t\t<div class=\"premium-blog-content-wrapper \">\n\n\t\t\t\t\t<div class=\"premium-blog-inner-container\">\n\n\t\t\t\t\t\t\t\t\t\t\t\t\t\t<h2 class=\"premium-blog-entry-title\">\n\t\t\t<a href=\"https:\/\/www.projetowebsite.com.br\/marketing-de-conteudo\/maximizando-a-competitividade-a-importancia-da-analise-de-concorrencia-em-estrategias-digitais-para-planos-de-saude\/\" target=\"_blank\">\n\t\t\t\tMaximizando a Competitividade: A Import\u00e2ncia da An\u00e1lise de Concorr\u00eancia em Estrat\u00e9gias Digitais para Planos de Sa\u00fade\t\t\t<\/a>\n\t\t<\/h2>\n\t\t\t\t<div class=\"premium-blog-entry-meta\">\n\t\t\t\n\t\t\t\t\t\t\t<span class=\"premium-blog-meta-separator\">\u2022<\/span>\n\t\t\t\t<div class=\"premium-blog-post-time premium-blog-meta-data\">\n\t\t\t\t\t<i class=\"fa fa-clock-o\" aria-hidden=\"true\"><\/i>\n\t\t\t\t\t<span>17 de abril de 2024<\/span>\n\t\t\t\t<\/div>\n\t\t\t\n\t\t\t\n\t\t\t\t\t<\/div>\n\t\t\n\t\t\t\t\t<\/div>\n\n\t\t\t\t\t<p class=\"premium-blog-post-content\">No cen\u00e1rio din\u00e2mico dos planos de sa\u00fade, onde a concorr\u00eancia \u2026<\/p>\t\t\t\t\t\n\t\t\t\t<\/div>\n\t\t\t<\/div>\n\t\t<\/div>\n\n\t\t\t\t<div class=\"premium-blog-post-outer-container\" data-total=\"20\">\n\t\t\t<div class=\"premium-blog-post-container premium-blog-skin-classic\">\n\t\t\t\t\t\t\t\t\t<div class=\"premium-blog-thumb-effect-wrapper\">\n\t\t\t\t\t\t<div class=\"premium-blog-thumbnail-container premium-blog-none-effect\">\n\t\t\t\t\t\t\t<img decoding=\"async\" width=\"1000\" height=\"552\" src=\"https:\/\/www.projetowebsite.com.br\/marketing-de-conteudo\/wp-content\/uploads\/2024\/02\/plano-de-saude-MedSenior-em-sao-paulo-e1709237030525.jpg\" class=\"attachment-full size-full wp-image-966\" alt=\"Plano de sa\u00fade MedSenior em s\u00e3o paulo\" srcset=\"https:\/\/www.projetowebsite.com.br\/marketing-de-conteudo\/wp-content\/uploads\/2024\/02\/plano-de-saude-MedSenior-em-sao-paulo-e1709237030525.jpg 1000w, https:\/\/www.projetowebsite.com.br\/marketing-de-conteudo\/wp-content\/uploads\/2024\/02\/plano-de-saude-MedSenior-em-sao-paulo-e1709237030525-300x166.jpg 300w, https:\/\/www.projetowebsite.com.br\/marketing-de-conteudo\/wp-content\/uploads\/2024\/02\/plano-de-saude-MedSenior-em-sao-paulo-e1709237030525-768x424.jpg 768w\" sizes=\"(max-width: 1000px) 100vw, 1000px\" \/>\t\t\t\t\t\t<\/div>\n\t\t\t\t\t\t\t\t\t\t\t\t\t<div class=\"premium-blog-thumbnail-overlay\">\n\t\t\t\t\t\t\t\t<a class=\"elementor-icon\" href=\"https:\/\/www.projetowebsite.com.br\/marketing-de-conteudo\/maximizando-a-experiencia-do-usuario-a-importancia-do-design-responsivo-nos-websites-de-planos-de-saude\/\" target=\"_blank\" aria-hidden=\"true\"><span>Maximizando a Experi\u00eancia do Usu\u00e1rio: A Import\u00e2ncia do Design Responsivo nos Websites de Planos de Sa\u00fade<\/span><\/a>\n\t\t\t\t\t\t\t<\/div>\n\t\t\t\t\t\t\t\t\t\t\t<\/div>\n\t\t\t\t\t\t\t\t\t\t\t\t<div class=\"premium-blog-content-wrapper \">\n\n\t\t\t\t\t<div class=\"premium-blog-inner-container\">\n\n\t\t\t\t\t\t\t\t\t\t\t\t\t\t<h2 class=\"premium-blog-entry-title\">\n\t\t\t<a href=\"https:\/\/www.projetowebsite.com.br\/marketing-de-conteudo\/maximizando-a-experiencia-do-usuario-a-importancia-do-design-responsivo-nos-websites-de-planos-de-saude\/\" target=\"_blank\">\n\t\t\t\tMaximizando a Experi\u00eancia do Usu\u00e1rio: A Import\u00e2ncia do Design Responsivo nos Websites de Planos de Sa\u00fade\t\t\t<\/a>\n\t\t<\/h2>\n\t\t\t\t<div class=\"premium-blog-entry-meta\">\n\t\t\t\n\t\t\t\t\t\t\t<span class=\"premium-blog-meta-separator\">\u2022<\/span>\n\t\t\t\t<div class=\"premium-blog-post-time premium-blog-meta-data\">\n\t\t\t\t\t<i class=\"fa fa-clock-o\" aria-hidden=\"true\"><\/i>\n\t\t\t\t\t<span>15 de abril de 2024<\/span>\n\t\t\t\t<\/div>\n\t\t\t\n\t\t\t\n\t\t\t\t\t<\/div>\n\t\t\n\t\t\t\t\t<\/div>\n\n\t\t\t\t\t<p class=\"premium-blog-post-content\">No mundo digital atual, onde a acessibilidade e a facilidade \u2026<\/p>\t\t\t\t\t\n\t\t\t\t<\/div>\n\t\t\t<\/div>\n\t\t<\/div>\n\n\t\t\t\t<\/div>\r\n\r\n\t\t\t\t<div class=\"premium-blog-footer\">\r\n\t\t\t\t\t<nav class=\"premium-blog-pagination-container\" role=\"navigation\" aria-label=\"Pagina\u00e7\u00e3o\">\n\t\t\t<span class=\"page-numbers current\">1<\/span>\n<a class=\"page-numbers\" href=\"https:\/\/www.projetowebsite.com.br\/marketing-de-conteudo\/wp-json\/wp\/v2\/pages\/230\/page\/2\/\">2<\/a>\n<a class=\"page-numbers\" href=\"https:\/\/www.projetowebsite.com.br\/marketing-de-conteudo\/wp-json\/wp\/v2\/pages\/230\/page\/3\/\">3<\/a>\n<span class=\"page-numbers dots\">&hellip;<\/span>\n<a class=\"page-numbers\" href=\"https:\/\/www.projetowebsite.com.br\/marketing-de-conteudo\/wp-json\/wp\/v2\/pages\/230\/page\/20\/\">20<\/a>\t\t<\/nav>\n\t\t\t\t<\/div>\r\n\t\t\t\t\t<\/div>\n\t\t\t\t<\/div>\n\t\t\t\t<\/div>\n\t\t\t\t<\/div>\n\t\t<div class=\"elementor-element elementor-element-23fd1d9 e-con-full animated-slow elementor-invisible e-con\" data-id=\"23fd1d9\" data-element_type=\"container\" data-settings=\"{&quot;content_width&quot;:&quot;full&quot;,&quot;background_background&quot;:&quot;classic&quot;,&quot;animation&quot;:&quot;fadeInRight&quot;,&quot;animation_delay&quot;:300}\">\n\t\t\t\t<div class=\"elementor-element elementor-element-28683b4 elementor-widget elementor-widget-heading\" data-id=\"28683b4\" data-element_type=\"widget\" data-widget_type=\"heading.default\">\n\t\t\t\t<div class=\"elementor-widget-container\">\n\t\t\t<style>\/*! elementor - v3.12.1 - 02-04-2023 *\/\n.elementor-heading-title{padding:0;margin:0;line-height:1}.elementor-widget-heading .elementor-heading-title[class*=elementor-size-]>a{color:inherit;font-size:inherit;line-height:inherit}.elementor-widget-heading .elementor-heading-title.elementor-size-small{font-size:15px}.elementor-widget-heading .elementor-heading-title.elementor-size-medium{font-size:19px}.elementor-widget-heading .elementor-heading-title.elementor-size-large{font-size:29px}.elementor-widget-heading .elementor-heading-title.elementor-size-xl{font-size:39px}.elementor-widget-heading .elementor-heading-title.elementor-size-xxl{font-size:59px}<\/style><h2 class=\"elementor-heading-title elementor-size-default\">Solicitar Or\u00e7amento<\/h2>\t\t<\/div>\n\t\t\t\t<\/div>\n\t\t\t\t<div class=\"elementor-element elementor-element-6312ebb elementor-button-align-stretch elementor-widget elementor-widget-form\" data-id=\"6312ebb\" data-element_type=\"widget\" data-settings=\"{&quot;button_width&quot;:&quot;100&quot;,&quot;step_type&quot;:&quot;number_text&quot;,&quot;step_icon_shape&quot;:&quot;circle&quot;}\" data-widget_type=\"form.default\">\n\t\t\t\t<div class=\"elementor-widget-container\">\n\t\t\t<style>\/*! elementor-pro - v3.6.4 - 15-03-2022 *\/\n.elementor-button.elementor-hidden,.elementor-hidden{display:none}.e-form__step{width:100%}.e-form__step:not(.elementor-hidden){display:-webkit-box;display:-ms-flexbox;display:flex;-ms-flex-wrap:wrap;flex-wrap:wrap}.e-form__buttons{-ms-flex-wrap:wrap;flex-wrap:wrap}.e-form__buttons,.e-form__buttons__wrapper{display:-webkit-box;display:-ms-flexbox;display:flex}.e-form__indicators{-webkit-box-pack:justify;-ms-flex-pack:justify;justify-content:space-between;-ms-flex-wrap:nowrap;flex-wrap:nowrap;font-size:13px;margin-bottom:var(--e-form-steps-indicators-spacing)}.e-form__indicators,.e-form__indicators__indicator{display:-webkit-box;display:-ms-flexbox;display:flex;-webkit-box-align:center;-ms-flex-align:center;align-items:center}.e-form__indicators__indicator{-webkit-box-orient:vertical;-webkit-box-direction:normal;-ms-flex-direction:column;flex-direction:column;-webkit-box-pack:center;-ms-flex-pack:center;justify-content:center;-ms-flex-preferred-size:0;flex-basis:0;padding:0 var(--e-form-steps-divider-gap)}.e-form__indicators__indicator__progress{width:100%;position:relative;background-color:var(--e-form-steps-indicator-progress-background-color);border-radius:var(--e-form-steps-indicator-progress-border-radius);overflow:hidden}.e-form__indicators__indicator__progress__meter{width:var(--e-form-steps-indicator-progress-meter-width,0);height:var(--e-form-steps-indicator-progress-height);line-height:var(--e-form-steps-indicator-progress-height);padding-right:15px;border-radius:var(--e-form-steps-indicator-progress-border-radius);background-color:var(--e-form-steps-indicator-progress-color);color:var(--e-form-steps-indicator-progress-meter-color);text-align:right;-webkit-transition:width .1s linear;-o-transition:width .1s linear;transition:width .1s linear}.e-form__indicators__indicator:first-child{padding-left:0}.e-form__indicators__indicator:last-child{padding-right:0}.e-form__indicators__indicator--state-inactive{color:var(--e-form-steps-indicator-inactive-primary-color,#c2cbd2)}.e-form__indicators__indicator--state-inactive [class*=indicator--shape-]:not(.e-form__indicators__indicator--shape-none){background-color:var(--e-form-steps-indicator-inactive-secondary-color,#fff)}.e-form__indicators__indicator--state-inactive object,.e-form__indicators__indicator--state-inactive svg{fill:var(--e-form-steps-indicator-inactive-primary-color,#c2cbd2)}.e-form__indicators__indicator--state-active{color:var(--e-form-steps-indicator-active-primary-color,#39b54a);border-color:var(--e-form-steps-indicator-active-secondary-color,#fff)}.e-form__indicators__indicator--state-active [class*=indicator--shape-]:not(.e-form__indicators__indicator--shape-none){background-color:var(--e-form-steps-indicator-active-secondary-color,#fff)}.e-form__indicators__indicator--state-active object,.e-form__indicators__indicator--state-active svg{fill:var(--e-form-steps-indicator-active-primary-color,#39b54a)}.e-form__indicators__indicator--state-completed{color:var(--e-form-steps-indicator-completed-secondary-color,#fff)}.e-form__indicators__indicator--state-completed [class*=indicator--shape-]:not(.e-form__indicators__indicator--shape-none){background-color:var(--e-form-steps-indicator-completed-primary-color,#39b54a)}.e-form__indicators__indicator--state-completed .e-form__indicators__indicator__label{color:var(--e-form-steps-indicator-completed-primary-color,#39b54a)}.e-form__indicators__indicator--state-completed .e-form__indicators__indicator--shape-none{color:var(--e-form-steps-indicator-completed-primary-color,#39b54a);background-color:initial}.e-form__indicators__indicator--state-completed object,.e-form__indicators__indicator--state-completed svg{fill:var(--e-form-steps-indicator-completed-secondary-color,#fff)}.e-form__indicators__indicator__icon{width:var(--e-form-steps-indicator-padding,30px);height:var(--e-form-steps-indicator-padding,30px);font-size:var(--e-form-steps-indicator-icon-size);border-width:1px;border-style:solid;display:-webkit-box;display:-ms-flexbox;display:flex;-webkit-box-pack:center;-ms-flex-pack:center;justify-content:center;-webkit-box-align:center;-ms-flex-align:center;align-items:center;overflow:hidden;margin-bottom:10px}.e-form__indicators__indicator__icon img,.e-form__indicators__indicator__icon object,.e-form__indicators__indicator__icon svg{width:var(--e-form-steps-indicator-icon-size);height:auto}.e-form__indicators__indicator__icon .e-font-icon-svg{height:1em}.e-form__indicators__indicator__number{width:var(--e-form-steps-indicator-padding,30px);height:var(--e-form-steps-indicator-padding,30px);border-width:1px;border-style:solid;display:-webkit-box;display:-ms-flexbox;display:flex;-webkit-box-pack:center;-ms-flex-pack:center;justify-content:center;-webkit-box-align:center;-ms-flex-align:center;align-items:center;margin-bottom:10px}.e-form__indicators__indicator--shape-circle{border-radius:50%}.e-form__indicators__indicator--shape-square{border-radius:0}.e-form__indicators__indicator--shape-rounded{border-radius:5px}.e-form__indicators__indicator--shape-none{border:0}.e-form__indicators__indicator__label{text-align:center}.e-form__indicators__indicator__separator{width:100%;height:var(--e-form-steps-divider-width);background-color:#c2cbd2}.e-form__indicators--type-icon,.e-form__indicators--type-icon_text,.e-form__indicators--type-number,.e-form__indicators--type-number_text{-webkit-box-align:start;-ms-flex-align:start;align-items:flex-start}.e-form__indicators--type-icon .e-form__indicators__indicator__separator,.e-form__indicators--type-icon_text .e-form__indicators__indicator__separator,.e-form__indicators--type-number .e-form__indicators__indicator__separator,.e-form__indicators--type-number_text .e-form__indicators__indicator__separator{margin-top:calc(var(--e-form-steps-indicator-padding, 30px) \/ 2 - var(--e-form-steps-divider-width, 1px) \/ 2)}.elementor-field-type-hidden{display:none}.elementor-field-type-html{display:inline-block}.elementor-login .elementor-lost-password,.elementor-login .elementor-remember-me{font-size:.85em}.elementor-field-type-recaptcha_v3 .elementor-field-label{display:none}.elementor-field-type-recaptcha_v3 .grecaptcha-badge{z-index:1}.elementor-button .elementor-form-spinner{-webkit-box-ordinal-group:4;-ms-flex-order:3;order:3}.elementor-form .elementor-button>span{display:-webkit-box;display:-ms-flexbox;display:flex;-webkit-box-pack:center;-ms-flex-pack:center;justify-content:center;-webkit-box-align:center;-ms-flex-align:center;align-items:center}.elementor-form .elementor-button .elementor-button-text{white-space:normal;-webkit-box-flex:0;-ms-flex-positive:0;flex-grow:0}.elementor-form .elementor-button svg{height:auto}.elementor-form .elementor-button .e-font-icon-svg{height:1em}<\/style>\t\t<form class=\"elementor-form\" method=\"post\" name=\"New Form\">\n\t\t\t<input type=\"hidden\" name=\"post_id\" value=\"230\"\/>\n\t\t\t<input type=\"hidden\" name=\"form_id\" value=\"6312ebb\"\/>\n\t\t\t<input type=\"hidden\" name=\"referer_title\" value=\"Projeto Web Site\" \/>\n\n\t\t\t\n\t\t\t<div class=\"elementor-form-fields-wrapper elementor-labels-above\">\n\t\t\t\t\t\t\t\t<div class=\"elementor-field-type-text elementor-field-group elementor-column elementor-field-group-name elementor-col-100 elementor-field-required\">\n\t\t\t\t\t\t\t\t\t\t\t\t\t<input size=\"1\" type=\"text\" name=\"form_fields[name]\" id=\"form-field-name\" class=\"elementor-field elementor-size-xs  elementor-field-textual\" placeholder=\"Nome:\" required=\"required\" aria-required=\"true\">\n\t\t\t\t\t\t\t\t\t\t\t<\/div>\n\t\t\t\t\t\t\t\t<div class=\"elementor-field-type-email elementor-field-group elementor-column elementor-field-group-field_fa942bf elementor-col-100 elementor-field-required\">\n\t\t\t\t\t\t\t\t\t\t\t\t\t<input size=\"1\" type=\"email\" name=\"form_fields[field_fa942bf]\" id=\"form-field-field_fa942bf\" class=\"elementor-field elementor-size-xs  elementor-field-textual\" placeholder=\"E-mail:\" required=\"required\" aria-required=\"true\">\n\t\t\t\t\t\t\t\t\t\t\t<\/div>\n\t\t\t\t\t\t\t\t<div class=\"elementor-field-type-tel elementor-field-group elementor-column elementor-field-group-field_5c08cf2 elementor-col-100 elementor-field-required\">\n\t\t\t\t\t\t\t<input size=\"1\" type=\"tel\" name=\"form_fields[field_5c08cf2]\" id=\"form-field-field_5c08cf2\" class=\"elementor-field elementor-size-xs  elementor-field-textual\" placeholder=\"Telefone:\" required=\"required\" aria-required=\"true\" pattern=\"[0-9()#&amp;+*-=.]+\" title=\"Only numbers and phone characters (#, -, *, etc) are accepted.\">\n\n\t\t\t\t\t\t<\/div>\n\t\t\t\t\t\t\t\t<div class=\"elementor-field-type-textarea elementor-field-group elementor-column elementor-field-group-field_ba9f303 elementor-col-100 elementor-field-required\">\n\t\t\t\t\t<textarea class=\"elementor-field-textual elementor-field  elementor-size-xs\" name=\"form_fields[field_ba9f303]\" id=\"form-field-field_ba9f303\" rows=\"4\" placeholder=\"Mensagem:\" required=\"required\" aria-required=\"true\"><\/textarea>\t\t\t\t<\/div>\n\t\t\t\t\t\t\t\t<div class=\"elementor-field-group elementor-column elementor-field-type-submit elementor-col-100 e-form__buttons\">\n\t\t\t\t\t<button type=\"submit\" class=\"elementor-button elementor-size-xs\">\n\t\t\t\t\t\t<span >\n\t\t\t\t\t\t\t\t\t\t\t\t\t\t\t<span class=\"elementor-align-icon-right elementor-button-icon\">\n\t\t\t\t\t\t\t\t\t<svg xmlns=\"http:\/\/www.w3.org\/2000\/svg\" xmlns:xlink=\"http:\/\/www.w3.org\/1999\/xlink\" xmlns:svgjs=\"http:\/\/svgjs.com\/svgjs\" width=\"512\" height=\"512\" x=\"0\" y=\"0\" viewBox=\"0 0 512 512\" style=\"enable-background:new 0 0 512 512\" xml:space=\"preserve\" class=\"\"><g><path d=\"M256 0a256 256 0 0 1 181.02 437.019 256.06 256.06 0 0 1-419.7-88.309 12.524 12.524 0 1 1 23.346-9.075C75.451 429.126 159.975 486.951 256 486.951c127.346 0 230.951-103.6 230.951-230.951S383.346 25.049 256 25.049c-96.025 0-180.549 57.825-215.334 147.316a12.524 12.524 0 1 1-23.346-9.075A256.078 256.078 0 0 1 256 0z\" fill=\"#ffffff\" data-original=\"#000000\"><\/path><path d=\"M395.778 256a16.993 16.993 0 0 0-5.007-12.091l-56.531-56.53a12.525 12.525 0 0 0-17.713 17.712l38.385 38.384H12.524a12.525 12.525 0 0 0 0 25.05h342.388l-38.385 38.384a12.525 12.525 0 0 0 17.713 17.712l56.529-56.53A16.98 16.98 0 0 0 395.778 256z\" fill=\"#ffffff\" data-original=\"#000000\"><\/path><\/g><\/svg>\t\t\t\t\t\t\t\t\t\t\t\t\t\t\t\t\t<\/span>\n\t\t\t\t\t\t\t\t\t\t\t\t\t\t\t\t\t\t\t\t\t\t<span class=\"elementor-button-text\">solicitar agora<\/span>\n\t\t\t\t\t\t\t\t\t\t\t\t\t<\/span>\n\t\t\t\t\t<\/button>\n\t\t\t\t<\/div>\n\t\t\t<\/div>\n\t\t<\/form>\n\t\t\t\t<\/div>\n\t\t\t\t<\/div>\n\t\t\t\t<div class=\"elementor-element elementor-element-f80b833 elementor-widget elementor-widget-image\" data-id=\"f80b833\" data-element_type=\"widget\" data-widget_type=\"image.default\">\n\t\t\t\t<div class=\"elementor-widget-container\">\n\t\t\t<style>\/*! elementor - v3.12.1 - 02-04-2023 *\/\n.elementor-widget-image{text-align:center}.elementor-widget-image a{display:inline-block}.elementor-widget-image a img[src$=\".svg\"]{width:48px}.elementor-widget-image img{vertical-align:middle;display:inline-block}<\/style>\t\t\t\t\t\t\t\t\t\t\t\t\t<a href=\"https:\/\/www.projetowebsite.com.br\/modelos-de-sites-padrao-prontos-simples\">\n\t\t\t\t\t\t\t<img decoding=\"async\" width=\"340\" height=\"300\" src=\"https:\/\/www.projetowebsite.com.br\/marketing-de-conteudo\/wp-content\/uploads\/2023\/04\/como-fazer-criar-um-site-gratis.jpg\" class=\"attachment-full size-full wp-image-329\" alt=\"como-fazer-criar-um-site-gratis\" srcset=\"https:\/\/www.projetowebsite.com.br\/marketing-de-conteudo\/wp-content\/uploads\/2023\/04\/como-fazer-criar-um-site-gratis.jpg 340w, https:\/\/www.projetowebsite.com.br\/marketing-de-conteudo\/wp-content\/uploads\/2023\/04\/como-fazer-criar-um-site-gratis-300x265.jpg 300w\" sizes=\"(max-width: 340px) 100vw, 340px\" \/>\t\t\t\t\t\t\t\t<\/a>\n\t\t\t\t\t\t\t\t\t\t\t\t\t\t\t<\/div>\n\t\t\t\t<\/div>\n\t\t\t\t<div class=\"elementor-element elementor-element-5562b5c elementor-widget elementor-widget-image\" data-id=\"5562b5c\" data-element_type=\"widget\" data-widget_type=\"image.default\">\n\t\t\t\t<div class=\"elementor-widget-container\">\n\t\t\t\t\t\t\t\t\t\t\t\t\t\t\t\t<a href=\"https:\/\/www.projetowebsite.com.br\/otimizacao-de-sites-seo\">\n\t\t\t\t\t\t\t<img decoding=\"async\" width=\"340\" height=\"225\" src=\"https:\/\/www.projetowebsite.com.br\/marketing-de-conteudo\/wp-content\/uploads\/2023\/04\/seo-otimizacao-de-site-para-buscas.jpg\" class=\"attachment-full size-full wp-image-334\" alt=\"seo-otimizacao-de-site-para-buscas\" srcset=\"https:\/\/www.projetowebsite.com.br\/marketing-de-conteudo\/wp-content\/uploads\/2023\/04\/seo-otimizacao-de-site-para-buscas.jpg 340w, https:\/\/www.projetowebsite.com.br\/marketing-de-conteudo\/wp-content\/uploads\/2023\/04\/seo-otimizacao-de-site-para-buscas-300x199.jpg 300w\" sizes=\"(max-width: 340px) 100vw, 340px\" \/>\t\t\t\t\t\t\t\t<\/a>\n\t\t\t\t\t\t\t\t\t\t\t\t\t\t\t<\/div>\n\t\t\t\t<\/div>\n\t\t\t\t<div class=\"elementor-element elementor-element-efa4020 elementor-widget elementor-widget-image\" data-id=\"efa4020\" data-element_type=\"widget\" data-widget_type=\"image.default\">\n\t\t\t\t<div class=\"elementor-widget-container\">\n\t\t\t\t\t\t\t\t\t\t\t\t\t\t\t<img decoding=\"async\" width=\"340\" height=\"301\" src=\"https:\/\/www.projetowebsite.com.br\/marketing-de-conteudo\/wp-content\/uploads\/2023\/04\/modelos-de-sites-padrao-prontos-simples.jpg\" class=\"attachment-full size-full wp-image-333\" alt=\"modelos-de-sites-padrao-prontos-simples\" srcset=\"https:\/\/www.projetowebsite.com.br\/marketing-de-conteudo\/wp-content\/uploads\/2023\/04\/modelos-de-sites-padrao-prontos-simples.jpg 340w, https:\/\/www.projetowebsite.com.br\/marketing-de-conteudo\/wp-content\/uploads\/2023\/04\/modelos-de-sites-padrao-prontos-simples-300x266.jpg 300w\" sizes=\"(max-width: 340px) 100vw, 340px\" \/>\t\t\t\t\t\t\t\t\t\t\t\t\t\t\t<\/div>\n\t\t\t\t<\/div>\n\t\t\t\t<div class=\"elementor-element elementor-element-591f18d elementor-widget elementor-widget-image\" data-id=\"591f18d\" data-element_type=\"widget\" data-widget_type=\"image.default\">\n\t\t\t\t<div class=\"elementor-widget-container\">\n\t\t\t\t\t\t\t\t\t\t\t\t\t\t\t\t<a href=\"https:\/\/www.projetowebsite.com.br\/modelos-de-sites-padrao-prontos-simples\">\n\t\t\t\t\t\t\t<img decoding=\"async\" width=\"340\" height=\"301\" src=\"https:\/\/www.projetowebsite.com.br\/marketing-de-conteudo\/wp-content\/uploads\/2023\/04\/criacao-de-sites-completos-responsivos-otimizacao.jpg\" class=\"attachment-full size-full wp-image-330\" alt=\"criacao-de-sites-completos-responsivos-otimizacao\" srcset=\"https:\/\/www.projetowebsite.com.br\/marketing-de-conteudo\/wp-content\/uploads\/2023\/04\/criacao-de-sites-completos-responsivos-otimizacao.jpg 340w, https:\/\/www.projetowebsite.com.br\/marketing-de-conteudo\/wp-content\/uploads\/2023\/04\/criacao-de-sites-completos-responsivos-otimizacao-300x266.jpg 300w\" sizes=\"(max-width: 340px) 100vw, 340px\" \/>\t\t\t\t\t\t\t\t<\/a>\n\t\t\t\t\t\t\t\t\t\t\t\t\t\t\t<\/div>\n\t\t\t\t<\/div>\n\t\t\t\t<div class=\"elementor-element elementor-element-c2a19a4 elementor-widget elementor-widget-image\" data-id=\"c2a19a4\" data-element_type=\"widget\" data-widget_type=\"image.default\">\n\t\t\t\t<div class=\"elementor-widget-container\">\n\t\t\t\t\t\t\t\t\t\t\t\t\t\t\t\t<a href=\"https:\/\/www.projetowebsite.com.br\/hospedagem-de-site-dominio-www\">\n\t\t\t\t\t\t\t<img decoding=\"async\" width=\"340\" height=\"301\" src=\"https:\/\/www.projetowebsite.com.br\/marketing-de-conteudo\/wp-content\/uploads\/2023\/04\/hospedagem-de-sites-campinas-sao-paulo-sp.jpg\" class=\"attachment-full size-full wp-image-331\" alt=\"hospedagem-de-sites-campinas-sao-paulo-sp\" srcset=\"https:\/\/www.projetowebsite.com.br\/marketing-de-conteudo\/wp-content\/uploads\/2023\/04\/hospedagem-de-sites-campinas-sao-paulo-sp.jpg 340w, https:\/\/www.projetowebsite.com.br\/marketing-de-conteudo\/wp-content\/uploads\/2023\/04\/hospedagem-de-sites-campinas-sao-paulo-sp-300x266.jpg 300w\" sizes=\"(max-width: 340px) 100vw, 340px\" \/>\t\t\t\t\t\t\t\t<\/a>\n\t\t\t\t\t\t\t\t\t\t\t\t\t\t\t<\/div>\n\t\t\t\t<\/div>\n\t\t\t\t<div class=\"elementor-element elementor-element-9ce9d07 elementor-widget elementor-widget-image\" data-id=\"9ce9d07\" data-element_type=\"widget\" data-widget_type=\"image.default\">\n\t\t\t\t<div class=\"elementor-widget-container\">\n\t\t\t\t\t\t\t\t\t\t\t\t\t\t\t\t<a href=\"https:\/\/www.projetowebsite.com.br\/suporte-manutencao-e-atualizacao-de-site-mensal\">\n\t\t\t\t\t\t\t<img decoding=\"async\" width=\"340\" height=\"301\" src=\"https:\/\/www.projetowebsite.com.br\/marketing-de-conteudo\/wp-content\/uploads\/2023\/04\/manutencao-e-atualizacao-para-sites-mensal.jpg\" class=\"attachment-full size-full wp-image-332\" alt=\"manutencao-e-atualizacao-para-sites-mensal\" srcset=\"https:\/\/www.projetowebsite.com.br\/marketing-de-conteudo\/wp-content\/uploads\/2023\/04\/manutencao-e-atualizacao-para-sites-mensal.jpg 340w, https:\/\/www.projetowebsite.com.br\/marketing-de-conteudo\/wp-content\/uploads\/2023\/04\/manutencao-e-atualizacao-para-sites-mensal-300x266.jpg 300w\" sizes=\"(max-width: 340px) 100vw, 340px\" \/>\t\t\t\t\t\t\t\t<\/a>\n\t\t\t\t\t\t\t\t\t\t\t\t\t\t\t<\/div>\n\t\t\t\t<\/div>\n\t\t\t\t<\/div>\n\t\t\t\t\t<\/div>\n\t\t\t\t<\/div>\n\t\t\t\t\t\t\t<\/div>\n\t\t","protected":false},"excerpt":{"rendered":"<p>Educa\u00e7\u00e3o Digital: Iluminando o Caminho com Webinars e Conte\u00fado sobre Laudos NR10 Educa\u00e7\u00e3o Digital: Iluminando o Caminho com Webinars e Conte\u00fado sobre Laudos NR10 Na era digital em que vivemos, a dissemina\u00e7\u00e3o de informa\u00e7\u00f5es e conhecimentos alcan\u00e7ou n\u00edveis sem precedentes. Com o avan\u00e7o da tecnologia, as \u2026 2 assina que uma atualiza\u00e7\u00e3o principal do Google [&hellip;]<\/p>\n","protected":false},"author":4,"featured_media":0,"parent":0,"menu_order":0,"comment_status":"closed","ping_status":"closed","template":"elementor_header_footer","meta":[],"yoast_head":"<!-- This site is optimized with the Yoast SEO plugin v20.5 - https:\/\/yoast.com\/wordpress\/plugins\/seo\/ -->\n<title>Marketing e Conte\u00fado \u2013 Blog Projeto Web<\/title>\n<meta name=\"description\" content=\"Blog Projeto Web, Marketing de Conte\u00fado, backlinks, inbound marketing, marketing digital, marketing outbound, markating digital, link Building.\" \/>\n<meta name=\"robots\" content=\"index, follow, max-snippet:-1, max-image-preview:large, max-video-preview:-1\" \/>\n<link rel=\"canonical\" href=\"https:\/\/www.projetowebsite.com.br\/marketing-de-conteudo\/\" \/>\n<meta property=\"og:locale\" content=\"pt_BR\" \/>\n<meta property=\"og:type\" content=\"article\" \/>\n<meta property=\"og:title\" content=\"Marketing e Conte\u00fado \u2013 Blog Projeto Web\" \/>\n<meta property=\"og:description\" content=\"Blog Projeto Web, Marketing de Conte\u00fado, backlinks, inbound marketing, marketing digital, marketing outbound, markating digital, link Building.\" \/>\n<meta property=\"og:url\" content=\"https:\/\/www.projetowebsite.com.br\/marketing-de-conteudo\/\" \/>\n<meta property=\"og:site_name\" content=\"Projeto Web Site\" \/>\n<meta property=\"article:modified_time\" content=\"2024-03-05T20:22:55+00:00\" \/>\n<meta property=\"og:image\" content=\"https:\/\/www.projetowebsite.com.br\/marketing-de-conteudo\/wp-content\/uploads\/2024\/02\/educacao-digital-iluminando-o-caminho-com-webinars-e-conteudo-sobre-laudos-NR10.jpg\" \/>\n<meta name=\"twitter:card\" content=\"summary_large_image\" \/>\n<meta name=\"twitter:label1\" content=\"Est. tempo de leitura\" \/>\n\t<meta name=\"twitter:data1\" content=\"14 minutos\" \/>\n<script type=\"application\/ld+json\" class=\"yoast-schema-graph\">{\"@context\":\"https:\/\/schema.org\",\"@graph\":[{\"@type\":\"WebPage\",\"@id\":\"https:\/\/www.projetowebsite.com.br\/marketing-de-conteudo\/\",\"url\":\"https:\/\/www.projetowebsite.com.br\/marketing-de-conteudo\/\",\"name\":\"Marketing e Conte\u00fado \u2013 Blog Projeto Web\",\"isPartOf\":{\"@id\":\"https:\/\/www.projetowebsite.com.br\/marketing-de-conteudo\/#website\"},\"datePublished\":\"2023-04-19T11:38:07+00:00\",\"dateModified\":\"2024-03-05T20:22:55+00:00\",\"description\":\"Blog Projeto Web, Marketing de Conte\u00fado, backlinks, inbound marketing, marketing digital, marketing outbound, markating digital, link Building.\",\"breadcrumb\":{\"@id\":\"https:\/\/www.projetowebsite.com.br\/marketing-de-conteudo\/#breadcrumb\"},\"inLanguage\":\"pt-BR\",\"potentialAction\":[{\"@type\":\"ReadAction\",\"target\":[\"https:\/\/www.projetowebsite.com.br\/marketing-de-conteudo\/\"]}]},{\"@type\":\"BreadcrumbList\",\"@id\":\"https:\/\/www.projetowebsite.com.br\/marketing-de-conteudo\/#breadcrumb\",\"itemListElement\":[{\"@type\":\"ListItem\",\"position\":1,\"name\":\"In\u00edcio\",\"item\":\"https:\/\/www.projetowebsite.com.br\/marketing-de-conteudo\/\"},{\"@type\":\"ListItem\",\"position\":2,\"name\":\"Marketing de conte\u00fado\"}]},{\"@type\":\"WebSite\",\"@id\":\"https:\/\/www.projetowebsite.com.br\/marketing-de-conteudo\/#website\",\"url\":\"https:\/\/www.projetowebsite.com.br\/marketing-de-conteudo\/\",\"name\":\"Projeto Web Site\",\"description\":\"\",\"potentialAction\":[{\"@type\":\"SearchAction\",\"target\":{\"@type\":\"EntryPoint\",\"urlTemplate\":\"https:\/\/www.projetowebsite.com.br\/marketing-de-conteudo\/?s={search_term_string}\"},\"query-input\":\"required name=search_term_string\"}],\"inLanguage\":\"pt-BR\"}]}<\/script>\n<!-- \/ Yoast SEO plugin. -->","yoast_head_json":{"title":"Marketing e Conte\u00fado \u2013 Blog Projeto Web","description":"Blog Projeto Web, Marketing de Conte\u00fado, backlinks, inbound marketing, marketing digital, marketing outbound, markating digital, link Building.","robots":{"index":"index","follow":"follow","max-snippet":"max-snippet:-1","max-image-preview":"max-image-preview:large","max-video-preview":"max-video-preview:-1"},"canonical":"https:\/\/www.projetowebsite.com.br\/marketing-de-conteudo\/","og_locale":"pt_BR","og_type":"article","og_title":"Marketing e Conte\u00fado \u2013 Blog Projeto Web","og_description":"Blog Projeto Web, Marketing de Conte\u00fado, backlinks, inbound marketing, marketing digital, marketing outbound, markating digital, link Building.","og_url":"https:\/\/www.projetowebsite.com.br\/marketing-de-conteudo\/","og_site_name":"Projeto Web Site","article_modified_time":"2024-03-05T20:22:55+00:00","og_image":[{"url":"https:\/\/www.projetowebsite.com.br\/marketing-de-conteudo\/wp-content\/uploads\/2024\/02\/educacao-digital-iluminando-o-caminho-com-webinars-e-conteudo-sobre-laudos-NR10.jpg"}],"twitter_card":"summary_large_image","twitter_misc":{"Est. tempo de leitura":"14 minutos"},"schema":{"@context":"https:\/\/schema.org","@graph":[{"@type":"WebPage","@id":"https:\/\/www.projetowebsite.com.br\/marketing-de-conteudo\/","url":"https:\/\/www.projetowebsite.com.br\/marketing-de-conteudo\/","name":"Marketing e Conte\u00fado \u2013 Blog Projeto Web","isPartOf":{"@id":"https:\/\/www.projetowebsite.com.br\/marketing-de-conteudo\/#website"},"datePublished":"2023-04-19T11:38:07+00:00","dateModified":"2024-03-05T20:22:55+00:00","description":"Blog Projeto Web, Marketing de Conte\u00fado, backlinks, inbound marketing, marketing digital, marketing outbound, markating digital, link Building.","breadcrumb":{"@id":"https:\/\/www.projetowebsite.com.br\/marketing-de-conteudo\/#breadcrumb"},"inLanguage":"pt-BR","potentialAction":[{"@type":"ReadAction","target":["https:\/\/www.projetowebsite.com.br\/marketing-de-conteudo\/"]}]},{"@type":"BreadcrumbList","@id":"https:\/\/www.projetowebsite.com.br\/marketing-de-conteudo\/#breadcrumb","itemListElement":[{"@type":"ListItem","position":1,"name":"In\u00edcio","item":"https:\/\/www.projetowebsite.com.br\/marketing-de-conteudo\/"},{"@type":"ListItem","position":2,"name":"Marketing de conte\u00fado"}]},{"@type":"WebSite","@id":"https:\/\/www.projetowebsite.com.br\/marketing-de-conteudo\/#website","url":"https:\/\/www.projetowebsite.com.br\/marketing-de-conteudo\/","name":"Projeto Web Site","description":"","potentialAction":[{"@type":"SearchAction","target":{"@type":"EntryPoint","urlTemplate":"https:\/\/www.projetowebsite.com.br\/marketing-de-conteudo\/?s={search_term_string}"},"query-input":"required name=search_term_string"}],"inLanguage":"pt-BR"}]}},"_links":{"self":[{"href":"https:\/\/www.projetowebsite.com.br\/marketing-de-conteudo\/wp-json\/wp\/v2\/pages\/230"}],"collection":[{"href":"https:\/\/www.projetowebsite.com.br\/marketing-de-conteudo\/wp-json\/wp\/v2\/pages"}],"about":[{"href":"https:\/\/www.projetowebsite.com.br\/marketing-de-conteudo\/wp-json\/wp\/v2\/types\/page"}],"author":[{"embeddable":true,"href":"https:\/\/www.projetowebsite.com.br\/marketing-de-conteudo\/wp-json\/wp\/v2\/users\/4"}],"replies":[{"embeddable":true,"href":"https:\/\/www.projetowebsite.com.br\/marketing-de-conteudo\/wp-json\/wp\/v2\/comments?post=230"}],"version-history":[{"count":53,"href":"https:\/\/www.projetowebsite.com.br\/marketing-de-conteudo\/wp-json\/wp\/v2\/pages\/230\/revisions"}],"predecessor-version":[{"id":1037,"href":"https:\/\/www.projetowebsite.com.br\/marketing-de-conteudo\/wp-json\/wp\/v2\/pages\/230\/revisions\/1037"}],"wp:attachment":[{"href":"https:\/\/www.projetowebsite.com.br\/marketing-de-conteudo\/wp-json\/wp\/v2\/media?parent=230"}],"curies":[{"name":"wp","href":"https:\/\/api.w.org\/{rel}","templated":true}]}}